{"id":1899,"date":"2026-06-16T13:59:39","date_gmt":"2026-06-16T16:59:39","guid":{"rendered":"https:\/\/clientes.w7agencia.com\/swissaccreditation\/?post_type=organisation&#038;p=1899"},"modified":"2026-06-16T14:00:49","modified_gmt":"2026-06-16T17:00:49","slug":"offres-demploi","status":"publish","type":"organisation","link":"https:\/\/clientes.w7agencia.com\/swissaccreditation\/organisation\/offres-demploi\/","title":{"rendered":"Offres d&#8217;emploi"},"content":{"rendered":"\t\t<div data-elementor-type=\"wp-post\" data-elementor-id=\"1899\" class=\"elementor elementor-1899\" data-elementor-post-type=\"organisation\">\n\t\t\t\t<div class=\"elementor-element elementor-element-bcd4c50 e-flex e-con-boxed e-con e-parent\" data-id=\"bcd4c50\" data-element_type=\"container\" data-e-type=\"container\">\n\t\t\t\t\t<div class=\"e-con-inner\">\n\t\t\t\t<div class=\"elementor-element elementor-element-78ea205 elementor-widget elementor-widget-breadcrumbs\" data-id=\"78ea205\" data-element_type=\"widget\" data-e-type=\"widget\" data-widget_type=\"breadcrumbs.default\">\n\t\t\t\t<div class=\"elementor-widget-container\">\n\t\t\t\t\t<nav><span class=\"last\">Commencer<\/span><\/nav>\t\t\t\t<\/div>\n\t\t\t\t<\/div>\n\t\t\t\t\t<\/div>\n\t\t\t\t<\/div>\n\t\t<div class=\"elementor-element elementor-element-08a75c4 e-flex e-con-boxed e-con e-parent\" data-id=\"08a75c4\" data-element_type=\"container\" data-e-type=\"container\">\n\t\t\t\t\t<div class=\"e-con-inner\">\n\t\t<div class=\"elementor-element elementor-element-6af0349 e-con-full elementor-hidden-mobile e-flex e-con e-child\" data-id=\"6af0349\" data-element_type=\"container\" data-e-type=\"container\" data-settings=\"{&quot;sticky&quot;:&quot;top&quot;,&quot;sticky_on&quot;:[&quot;desktop&quot;,&quot;laptop&quot;],&quot;sticky_offset&quot;:16,&quot;sticky_parent&quot;:&quot;yes&quot;,&quot;sticky_effects_offset&quot;:0,&quot;sticky_anchor_link_offset&quot;:0}\">\n\t\t\t\t<div class=\"elementor-element elementor-element-8bf0067 elementor-widget elementor-widget-heading\" data-id=\"8bf0067\" data-element_type=\"widget\" data-e-type=\"widget\" data-widget_type=\"heading.default\">\n\t\t\t\t\t<h2 class=\"elementor-heading-title elementor-size-default\"><a href=\"https:\/\/clientes.w7agencia.com\/swissaccreditation\/organisation\/secretariat-general\/\">Secr\u00e9tariat g\u00e9n\u00e9ral<\/a><\/h2>\t\t\t\t<\/div>\n\t\t\t\t<div class=\"elementor-element elementor-element-1bc025f elementor-grid-1 elementor-posts--thumbnail-none elementor-grid-tablet-2 elementor-grid-mobile-1 elementor-widget elementor-widget-posts\" data-id=\"1bc025f\" data-element_type=\"widget\" data-e-type=\"widget\" data-settings=\"{&quot;classic_columns&quot;:&quot;1&quot;,&quot;classic_row_gap&quot;:{&quot;unit&quot;:&quot;px&quot;,&quot;size&quot;:10,&quot;sizes&quot;:[]},&quot;classic_columns_tablet&quot;:&quot;2&quot;,&quot;classic_columns_mobile&quot;:&quot;1&quot;,&quot;classic_row_gap_laptop&quot;:{&quot;unit&quot;:&quot;px&quot;,&quot;size&quot;:&quot;&quot;,&quot;sizes&quot;:[]},&quot;classic_row_gap_tablet&quot;:{&quot;unit&quot;:&quot;px&quot;,&quot;size&quot;:&quot;&quot;,&quot;sizes&quot;:[]},&quot;classic_row_gap_mobile&quot;:{&quot;unit&quot;:&quot;px&quot;,&quot;size&quot;:&quot;&quot;,&quot;sizes&quot;:[]}}\" data-widget_type=\"posts.classic\">\n\t\t\t\t<div class=\"elementor-widget-container\">\n\t\t\t\t\t\t\t<div class=\"elementor-posts-container elementor-posts elementor-posts--skin-classic elementor-grid\" role=\"list\">\n\t\t\t\t<article class=\"elementor-post elementor-grid-item post-1893 organisation type-organisation status-publish hentry categoria-organisation-secretariat-general\" role=\"listitem\">\n\t\t\t\t<div class=\"elementor-post__text\">\n\t\t\t\t<h3 class=\"elementor-post__title\">\n\t\t\t<a href=\"https:\/\/clientes.w7agencia.com\/swissaccreditation\/organisation\/organigramme\/\" >\n\t\t\t\tOrganigramme\t\t\t<\/a>\n\t\t<\/h3>\n\t\t\t\t<\/div>\n\t\t\t\t<\/article>\n\t\t\t\t<article class=\"elementor-post elementor-grid-item post-1902 organisation type-organisation status-publish hentry categoria-organisation-secretariat-general\" role=\"listitem\">\n\t\t\t\t<div class=\"elementor-post__text\">\n\t\t\t\t<h3 class=\"elementor-post__title\">\n\t\t\t<a href=\"https:\/\/clientes.w7agencia.com\/swissaccreditation\/organisation\/collaboratrices-et-collaborateurs\/\" >\n\t\t\t\tCollaboratrices et collaborateurs\t\t\t<\/a>\n\t\t<\/h3>\n\t\t\t\t<\/div>\n\t\t\t\t<\/article>\n\t\t\t\t<article class=\"elementor-post elementor-grid-item post-1899 organisation type-organisation status-publish hentry categoria-organisation-secretariat-general\" role=\"listitem\">\n\t\t\t\t<div class=\"elementor-post__text\">\n\t\t\t\t<h3 class=\"elementor-post__title\">\n\t\t\t<a href=\"https:\/\/clientes.w7agencia.com\/swissaccreditation\/organisation\/offres-demploi\/\" >\n\t\t\t\tOffres d&#8217;emploi\t\t\t<\/a>\n\t\t<\/h3>\n\t\t\t\t<\/div>\n\t\t\t\t<\/article>\n\t\t\t\t<\/div>\n\t\t\n\t\t\t\t\t\t<\/div>\n\t\t\t\t<\/div>\n\t\t\t\t<\/div>\n\t\t<div class=\"elementor-element elementor-element-8326578 e-con-full e-flex e-con e-child\" data-id=\"8326578\" data-element_type=\"container\" data-e-type=\"container\">\n\t\t\t\t<div class=\"elementor-element elementor-element-51b7f01 elementor-widget elementor-widget-heading\" data-id=\"51b7f01\" data-element_type=\"widget\" data-e-type=\"widget\" data-widget_type=\"heading.default\">\n\t\t\t\t\t<h1 class=\"elementor-heading-title elementor-size-default\">Offres d'emploi<\/h1>\t\t\t\t<\/div>\n\t\t\t\t<div class=\"elementor-element elementor-element-c25fb6a link elementor-widget elementor-widget-text-editor\" data-id=\"c25fb6a\" data-element_type=\"widget\" data-e-type=\"widget\" data-widget_type=\"text-editor.default\">\n\t\t\t\t\t\t\t\t\t<p>Nous n&#8217;avons actuellement pas de postes vacants.<\/p>\t\t\t\t\t\t\t\t<\/div>\n\t\t\t\t<div class=\"elementor-element elementor-element-5e35b54 elementor-hidden-desktop elementor-hidden-laptop elementor-hidden-tablet elementor-hidden-mobile elementor-widget elementor-widget-n-accordion\" data-id=\"5e35b54\" data-element_type=\"widget\" data-e-type=\"widget\" data-settings=\"{&quot;default_state&quot;:&quot;all_collapsed&quot;,&quot;max_items_expended&quot;:&quot;one&quot;,&quot;n_accordion_animation_duration&quot;:{&quot;unit&quot;:&quot;ms&quot;,&quot;size&quot;:400,&quot;sizes&quot;:[]}}\" data-widget_type=\"nested-accordion.default\">\n\t\t\t\t\t\t\t<div class=\"e-n-accordion\" aria-label=\"Accordion. Open links with Enter or Space, close with Escape, and navigate with Arrow Keys\">\n\t\t\t\t\t\t<details id=\"e-n-accordion-item-9870\" class=\"e-n-accordion-item\" >\n\t\t\t\t<summary class=\"e-n-accordion-item-title\" data-accordion-index=\"1\" tabindex=\"0\" aria-expanded=\"false\" aria-controls=\"e-n-accordion-item-9870\" >\n\t\t\t\t\t<span class='e-n-accordion-item-title-header'><div class=\"e-n-accordion-item-title-text\"> Membres <\/div><\/span>\n\t\t\t\t\t\t\t<span class='e-n-accordion-item-title-icon'>\n\t\t\t<span class='e-opened' ><svg xmlns=\"http:\/\/www.w3.org\/2000\/svg\" width=\"24\" height=\"24\" fill=\"currentColor\" viewBox=\"0 0 24 24\"><path d=\"M6.707 15.707a1 1 0 1 1-1.414-1.414l6-6a1 1 0 0 1 1.414 0l6 6a1 1 0 1 1-1.414 1.414L12 10.414l-5.293 5.293Z\"><\/path><\/svg><\/span>\n\t\t\t<span class='e-closed'><svg xmlns=\"http:\/\/www.w3.org\/2000\/svg\" width=\"24\" height=\"24\" fill=\"currentColor\" viewBox=\"0 0 24 24\"><path d=\"M17.293 8.293a1 1 0 1 1 1.414 1.414l-6 6a1 1 0 0 1-1.414 0l-6-6a1 1 0 1 1 1.414-1.414L12 13.586l5.293-5.293Z\"><\/path><\/svg><\/span>\n\t\t<\/span>\n\n\t\t\t\t\t\t<\/summary>\n\t\t\t\t<div role=\"region\" aria-labelledby=\"e-n-accordion-item-9870\" class=\"elementor-element elementor-element-afa0938 e-con-full e-flex e-con e-child\" data-id=\"afa0938\" data-element_type=\"container\" data-e-type=\"container\">\n\t\t\t\t<div class=\"elementor-element elementor-element-d0650f0 link elementor-widget elementor-widget-text-editor\" data-id=\"d0650f0\" data-element_type=\"widget\" data-e-type=\"widget\" data-widget_type=\"text-editor.default\">\n\t\t\t\t\t\t\t\t\t<ul><li>Annick Catella, Scuola universitaria professionale della Svizzera italiana<\/li><li>Katja Durkin-Sommerhalder, Universit\u00e4t Z\u00fcrich<\/li><li>Christine Benson, ZHAW Z\u00fcrcher Hochschule f\u00fcr Angewandte Wissenschaften<\/li><li>Natacha Bogorad, \u00c9cole Polytechnique F\u00e9d\u00e9rale de Lausanne<\/li><li>Anouk De Bast, Eidgen\u00f6ssische Technische Hochschule Z\u00fcrich<\/li><li>Arianne Imberti Dosi, Universit\u00e0 della Svizzera Italiana<\/li><li>Olivier Vincent, Universit\u00e9 de Gen\u00e8ve<\/li><li>Barbara Nafzger, P\u00e4dagogische Hochschule Z\u00fcrich<\/li><li>Ellen Krause, Universit\u00e4t Bern<\/li><li>Florence Balthasar, Z\u00fcrcher Hochschule der K\u00fcnste ZHdK<\/li><li>Barbara Lingel, HEP Vaud<\/li><li>Erich Thaler, Universit\u00e4t Basel<\/li><li>Barbara Wolfer, P\u00e4dagogische Hochschule St.Gallen<\/li><\/ul>\t\t\t\t\t\t\t\t<\/div>\n\t\t\t\t<\/div>\n\t\t\t\t\t<\/details>\n\t\t\t\t\t<\/div>\n\t\t\t\t\t\t<\/div>\n\t\t\t\t<\/div>\n\t\t<div class=\"elementor-element elementor-element-d827470 e-con-full e-flex e-con e-child\" data-id=\"d827470\" data-element_type=\"container\" data-e-type=\"container\" data-settings=\"{&quot;sticky&quot;:&quot;top&quot;,&quot;sticky_on&quot;:[&quot;desktop&quot;,&quot;laptop&quot;],&quot;sticky_offset&quot;:16,&quot;sticky_parent&quot;:&quot;yes&quot;,&quot;sticky_effects_offset&quot;:0,&quot;sticky_anchor_link_offset&quot;:0}\">\n\t\t\t\t<div class=\"elementor-element elementor-element-b20cecf elementor-widget elementor-widget-n-accordion\" data-id=\"b20cecf\" data-element_type=\"widget\" data-e-type=\"widget\" data-settings=\"{&quot;default_state&quot;:&quot;all_collapsed&quot;,&quot;max_items_expended&quot;:&quot;one&quot;,&quot;n_accordion_animation_duration&quot;:{&quot;unit&quot;:&quot;ms&quot;,&quot;size&quot;:400,&quot;sizes&quot;:[]}}\" data-widget_type=\"nested-accordion.default\">\n\t\t\t\t\t\t\t<div class=\"e-n-accordion\" aria-label=\"Accordion. Open links with Enter or Space, close with Escape, and navigate with Arrow Keys\">\n\t\t\t\t\t\t<details id=\"e-n-accordion-item-1860\" class=\"e-n-accordion-item\" >\n\t\t\t\t<summary class=\"e-n-accordion-item-title\" data-accordion-index=\"1\" tabindex=\"0\" aria-expanded=\"false\" aria-controls=\"e-n-accordion-item-1860\" >\n\t\t\t\t\t<span class='e-n-accordion-item-title-header'><div class=\"e-n-accordion-item-title-text\"> Contact <\/div><\/span>\n\t\t\t\t\t\t\t<span class='e-n-accordion-item-title-icon'>\n\t\t\t<span class='e-opened' ><svg xmlns=\"http:\/\/www.w3.org\/2000\/svg\" width=\"24\" height=\"24\" fill=\"currentColor\" viewBox=\"0 0 24 24\"><path d=\"M6.707 15.707a1 1 0 1 1-1.414-1.414l6-6a1 1 0 0 1 1.414 0l6 6a1 1 0 1 1-1.414 1.414L12 10.414l-5.293 5.293Z\"><\/path><\/svg><\/span>\n\t\t\t<span class='e-closed'><svg xmlns=\"http:\/\/www.w3.org\/2000\/svg\" width=\"24\" height=\"24\" fill=\"currentColor\" viewBox=\"0 0 24 24\"><path d=\"M17.293 8.293a1 1 0 1 1 1.414 1.414l-6 6a1 1 0 0 1-1.414 0l-6-6a1 1 0 1 1 1.414-1.414L12 13.586l5.293-5.293Z\"><\/path><\/svg><\/span>\n\t\t<\/span>\n\n\t\t\t\t\t\t<\/summary>\n\t\t\t\t<div role=\"region\" aria-labelledby=\"e-n-accordion-item-1860\" class=\"elementor-element elementor-element-73ba20c e-con-full e-flex e-con e-child\" data-id=\"73ba20c\" data-element_type=\"container\" data-e-type=\"container\">\n\t\t\t\t<div class=\"elementor-element elementor-element-30a168e elementor-widget elementor-widget-text-editor\" data-id=\"30a168e\" data-element_type=\"widget\" data-e-type=\"widget\" data-widget_type=\"text-editor.default\">\n\t\t\t\t\t\t\t\t\t<p><strong>Barbara Jgushia<\/strong><br \/>Responsable des ressources humaines<br \/>031 335 07 49<br \/><a href=\"#\">Mail<\/a><\/p>\t\t\t\t\t\t\t\t<\/div>\n\t\t\t\t<\/div>\n\t\t\t\t\t<\/details>\n\t\t\t\t\t<\/div>\n\t\t\t\t\t\t<\/div>\n\t\t\t\t<\/div>\n\t\t\t\t\t<\/div>\n\t\t\t\t<\/div>\n\t\t\t\t<\/div>\n\t\t","protected":false},"template":"","meta":{"_links_to":"","_links_to_target":""},"categoria-organisation":[39],"class_list":["post-1899","organisation","type-organisation","status-publish","hentry","categoria-organisation-secretariat-general"],"ase":null,"_links":{"self":[{"href":"https:\/\/clientes.w7agencia.com\/swissaccreditation\/wp-json\/wp\/v2\/organisation\/1899","targetHints":{"allow":["GET"]}}],"collection":[{"href":"https:\/\/clientes.w7agencia.com\/swissaccreditation\/wp-json\/wp\/v2\/organisation"}],"about":[{"href":"https:\/\/clientes.w7agencia.com\/swissaccreditation\/wp-json\/wp\/v2\/types\/organisation"}],"version-history":[{"count":0,"href":"https:\/\/clientes.w7agencia.com\/swissaccreditation\/wp-json\/wp\/v2\/organisation\/1899\/revisions"}],"wp:attachment":[{"href":"https:\/\/clientes.w7agencia.com\/swissaccreditation\/wp-json\/wp\/v2\/media?parent=1899"}],"wp:term":[{"taxonomy":"categoria-organisation","embeddable":true,"href":"https:\/\/clientes.w7agencia.com\/swissaccreditation\/wp-json\/wp\/v2\/categoria-organisation?post=1899"}],"curies":[{"name":"wp","href":"https:\/\/api.w.org\/{rel}","templated":true}]}}