{"id":1737,"date":"2026-06-15T23:32:40","date_gmt":"2026-06-16T02:32:40","guid":{"rendered":"https:\/\/clientes.w7agencia.com\/swissaccreditation\/?post_type=organisation&#038;p=1737"},"modified":"2026-06-16T10:40:44","modified_gmt":"2026-06-16T13:40:44","slug":"members-3","status":"publish","type":"organisation","link":"https:\/\/clientes.w7agencia.com\/swissaccreditation\/organisation\/members-3\/","title":{"rendered":"Members"},"content":{"rendered":"\t\t<div data-elementor-type=\"wp-post\" data-elementor-id=\"1737\" class=\"elementor elementor-1737\" data-elementor-post-type=\"organisation\">\n\t\t\t\t<div class=\"elementor-element elementor-element-bcd4c50 e-flex e-con-boxed e-con e-parent\" data-id=\"bcd4c50\" data-element_type=\"container\" data-e-type=\"container\">\n\t\t\t\t\t<div class=\"e-con-inner\">\n\t\t\t\t<div class=\"elementor-element elementor-element-78ea205 elementor-widget elementor-widget-breadcrumbs\" data-id=\"78ea205\" data-element_type=\"widget\" data-e-type=\"widget\" data-widget_type=\"breadcrumbs.default\">\n\t\t\t\t<div class=\"elementor-widget-container\">\n\t\t\t\t\t<nav><span class=\"last\">Commencer<\/span><\/nav>\t\t\t\t<\/div>\n\t\t\t\t<\/div>\n\t\t\t\t\t<\/div>\n\t\t\t\t<\/div>\n\t\t<div class=\"elementor-element elementor-element-08a75c4 e-flex e-con-boxed e-con e-parent\" data-id=\"08a75c4\" data-element_type=\"container\" data-e-type=\"container\">\n\t\t\t\t\t<div class=\"e-con-inner\">\n\t\t<div class=\"elementor-element elementor-element-6af0349 e-con-full elementor-hidden-mobile e-flex e-con e-child\" data-id=\"6af0349\" data-element_type=\"container\" data-e-type=\"container\" data-settings=\"{&quot;sticky&quot;:&quot;top&quot;,&quot;sticky_on&quot;:[&quot;desktop&quot;,&quot;laptop&quot;],&quot;sticky_offset&quot;:16,&quot;sticky_parent&quot;:&quot;yes&quot;,&quot;sticky_effects_offset&quot;:0,&quot;sticky_anchor_link_offset&quot;:0}\">\n\t\t\t\t<div class=\"elementor-element elementor-element-8bf0067 elementor-widget elementor-widget-heading\" data-id=\"8bf0067\" data-element_type=\"widget\" data-e-type=\"widget\" data-widget_type=\"heading.default\">\n\t\t\t\t\t<h2 class=\"elementor-heading-title elementor-size-default\">Organes<\/h2>\t\t\t\t<\/div>\n\t\t\t\t<div class=\"elementor-element elementor-element-1bc025f elementor-grid-1 elementor-posts--thumbnail-none elementor-grid-tablet-2 elementor-grid-mobile-1 elementor-widget elementor-widget-posts\" data-id=\"1bc025f\" data-element_type=\"widget\" data-e-type=\"widget\" data-settings=\"{&quot;classic_columns&quot;:&quot;1&quot;,&quot;classic_row_gap&quot;:{&quot;unit&quot;:&quot;px&quot;,&quot;size&quot;:10,&quot;sizes&quot;:[]},&quot;classic_columns_tablet&quot;:&quot;2&quot;,&quot;classic_columns_mobile&quot;:&quot;1&quot;,&quot;classic_row_gap_laptop&quot;:{&quot;unit&quot;:&quot;px&quot;,&quot;size&quot;:&quot;&quot;,&quot;sizes&quot;:[]},&quot;classic_row_gap_tablet&quot;:{&quot;unit&quot;:&quot;px&quot;,&quot;size&quot;:&quot;&quot;,&quot;sizes&quot;:[]},&quot;classic_row_gap_mobile&quot;:{&quot;unit&quot;:&quot;px&quot;,&quot;size&quot;:&quot;&quot;,&quot;sizes&quot;:[]}}\" data-widget_type=\"posts.classic\">\n\t\t\t\t<div class=\"elementor-widget-container\">\n\t\t\t\t\t\t\t<div class=\"elementor-posts-container elementor-posts elementor-posts--skin-classic elementor-grid\" role=\"list\">\n\t\t\t\t<article class=\"elementor-post elementor-grid-item post-1647 organisation type-organisation status-publish hentry categoria-organisation-organes\" role=\"listitem\">\n\t\t\t\t<div class=\"elementor-post__text\">\n\t\t\t\t<h3 class=\"elementor-post__title\">\n\t\t\t<a href=\"https:\/\/clientes.w7agencia.com\/swissaccreditation\/organisation\/assemblee-pleniere\/\" >\n\t\t\t\tAssembl\u00e9e pl\u00e9ni\u00e8re\t\t\t<\/a>\n\t\t<\/h3>\n\t\t\t\t<\/div>\n\t\t\t\t<\/article>\n\t\t\t\t<article class=\"elementor-post elementor-grid-item post-1651 organisation type-organisation status-publish hentry categoria-organisation-organes\" role=\"listitem\">\n\t\t\t\t<div class=\"elementor-post__text\">\n\t\t\t\t<h3 class=\"elementor-post__title\">\n\t\t\t<a href=\"https:\/\/clientes.w7agencia.com\/swissaccreditation\/organisation\/comite\/\" >\n\t\t\t\tComit\u00e9\t\t\t<\/a>\n\t\t<\/h3>\n\t\t\t\t<\/div>\n\t\t\t\t<\/article>\n\t\t\t\t<article class=\"elementor-post elementor-grid-item post-1657 organisation type-organisation status-publish hentry categoria-organisation-organes\" role=\"listitem\">\n\t\t\t\t<div class=\"elementor-post__text\">\n\t\t\t\t<h3 class=\"elementor-post__title\">\n\t\t\t<a href=\"https:\/\/clientes.w7agencia.com\/swissaccreditation\/organisation\/chambre-des-hautes-ecoles-universitaires\/\" >\n\t\t\t\tChambre des hautes \u00e9coles universitaires\t\t\t<\/a>\n\t\t<\/h3>\n\t\t\t\t<\/div>\n\t\t\t\t<\/article>\n\t\t\t\t<article class=\"elementor-post elementor-grid-item post-1661 organisation type-organisation status-publish hentry categoria-organisation-chambre-des-hautes-ecoles-universitaires categoria-organisation-organes\" role=\"listitem\">\n\t\t\t\t<div class=\"elementor-post__text\">\n\t\t\t\t<h3 class=\"elementor-post__title\">\n\t\t\t<a href=\"https:\/\/clientes.w7agencia.com\/swissaccreditation\/organisation\/members\/\" >\n\t\t\t\tMembers\t\t\t<\/a>\n\t\t<\/h3>\n\t\t\t\t<\/div>\n\t\t\t\t<\/article>\n\t\t\t\t<article class=\"elementor-post elementor-grid-item post-1687 organisation type-organisation status-publish hentry categoria-organisation-chambre-des-hautes-ecoles-universitaires categoria-organisation-organes\" role=\"listitem\">\n\t\t\t\t<div class=\"elementor-post__text\">\n\t\t\t\t<h3 class=\"elementor-post__title\">\n\t\t\t<a href=\"https:\/\/clientes.w7agencia.com\/swissaccreditation\/organisation\/organes-2\/\" >\n\t\t\t\tOrganes\t\t\t<\/a>\n\t\t<\/h3>\n\t\t\t\t<\/div>\n\t\t\t\t<\/article>\n\t\t\t\t<article class=\"elementor-post elementor-grid-item post-1695 organisation type-organisation status-publish hentry categoria-organisation-chambre-des-hautes-ecoles-universitaires categoria-organisation-organes\" role=\"listitem\">\n\t\t\t\t<div class=\"elementor-post__text\">\n\t\t\t\t<h3 class=\"elementor-post__title\">\n\t\t\t<a href=\"https:\/\/clientes.w7agencia.com\/swissaccreditation\/organisation\/dies-academici\/\" >\n\t\t\t\tDies academici\t\t\t<\/a>\n\t\t<\/h3>\n\t\t\t\t<\/div>\n\t\t\t\t<\/article>\n\t\t\t\t<article class=\"elementor-post elementor-grid-item post-1701 organisation type-organisation status-publish hentry categoria-organisation-organes\" role=\"listitem\">\n\t\t\t\t<div class=\"elementor-post__text\">\n\t\t\t\t<h3 class=\"elementor-post__title\">\n\t\t\t<a href=\"https:\/\/clientes.w7agencia.com\/swissaccreditation\/organisation\/chambre-des-hautes-ecoles-specialisees\/\" >\n\t\t\t\tChambre des hautes \u00e9coles sp\u00e9cialis\u00e9es\t\t\t<\/a>\n\t\t<\/h3>\n\t\t\t\t<\/div>\n\t\t\t\t<\/article>\n\t\t\t\t<article class=\"elementor-post elementor-grid-item post-1711 organisation type-organisation status-publish hentry categoria-organisation-organes categoria-organisation-chambre-des-hautes-ecoles-specialisees\" role=\"listitem\">\n\t\t\t\t<div class=\"elementor-post__text\">\n\t\t\t\t<h3 class=\"elementor-post__title\">\n\t\t\t<a href=\"https:\/\/clientes.w7agencia.com\/swissaccreditation\/organisation\/members-2\/\" >\n\t\t\t\tMembers\t\t\t<\/a>\n\t\t<\/h3>\n\t\t\t\t<\/div>\n\t\t\t\t<\/article>\n\t\t\t\t<article class=\"elementor-post elementor-grid-item post-1709 organisation type-organisation status-publish hentry categoria-organisation-organes categoria-organisation-chambre-des-hautes-ecoles-specialisees\" role=\"listitem\">\n\t\t\t\t<div class=\"elementor-post__text\">\n\t\t\t\t<h3 class=\"elementor-post__title\">\n\t\t\t<a href=\"https:\/\/clientes.w7agencia.com\/swissaccreditation\/organisation\/organes-3\/\" >\n\t\t\t\tOrganes\t\t\t<\/a>\n\t\t<\/h3>\n\t\t\t\t<\/div>\n\t\t\t\t<\/article>\n\t\t\t\t<article class=\"elementor-post elementor-grid-item post-1721 organisation type-organisation status-publish hentry categoria-organisation-chambre-des-hautes-ecoles-specialisees categoria-organisation-organes\" role=\"listitem\">\n\t\t\t\t<div class=\"elementor-post__text\">\n\t\t\t\t<h3 class=\"elementor-post__title\">\n\t\t\t<a href=\"https:\/\/clientes.w7agencia.com\/swissaccreditation\/organisation\/partenaires\/\" >\n\t\t\t\tPartenaires\t\t\t<\/a>\n\t\t<\/h3>\n\t\t\t\t<\/div>\n\t\t\t\t<\/article>\n\t\t\t\t<article class=\"elementor-post elementor-grid-item post-1725 organisation type-organisation status-publish hentry categoria-organisation-chambre-des-hautes-ecoles-specialisees categoria-organisation-organes\" role=\"listitem\">\n\t\t\t\t<div class=\"elementor-post__text\">\n\t\t\t\t<h3 class=\"elementor-post__title\">\n\t\t\t<a href=\"https:\/\/clientes.w7agencia.com\/swissaccreditation\/organisation\/fh-hochschultage\/\" >\n\t\t\t\tFH Hochschultage\t\t\t<\/a>\n\t\t<\/h3>\n\t\t\t\t<\/div>\n\t\t\t\t<\/article>\n\t\t\t\t<article class=\"elementor-post elementor-grid-item post-1729 organisation type-organisation status-publish hentry categoria-organisation-organes\" role=\"listitem\">\n\t\t\t\t<div class=\"elementor-post__text\">\n\t\t\t\t<h3 class=\"elementor-post__title\">\n\t\t\t<a href=\"https:\/\/clientes.w7agencia.com\/swissaccreditation\/organisation\/chambre-des-hautes-ecoles-pedagogiques\/\" >\n\t\t\t\tChambre des hautes \u00e9coles p\u00e9dagogiques\t\t\t<\/a>\n\t\t<\/h3>\n\t\t\t\t<\/div>\n\t\t\t\t<\/article>\n\t\t\t\t<article class=\"elementor-post elementor-grid-item post-1737 organisation type-organisation status-publish hentry categoria-organisation-chambre-des-hautes-ecoles-pedagogiques categoria-organisation-organes\" role=\"listitem\">\n\t\t\t\t<div class=\"elementor-post__text\">\n\t\t\t\t<h3 class=\"elementor-post__title\">\n\t\t\t<a href=\"https:\/\/clientes.w7agencia.com\/swissaccreditation\/organisation\/members-3\/\" >\n\t\t\t\tMembers\t\t\t<\/a>\n\t\t<\/h3>\n\t\t\t\t<\/div>\n\t\t\t\t<\/article>\n\t\t\t\t<article class=\"elementor-post elementor-grid-item post-1738 organisation type-organisation status-publish hentry categoria-organisation-chambre-des-hautes-ecoles-pedagogiques categoria-organisation-organes\" role=\"listitem\">\n\t\t\t\t<div class=\"elementor-post__text\">\n\t\t\t\t<h3 class=\"elementor-post__title\">\n\t\t\t<a href=\"https:\/\/clientes.w7agencia.com\/swissaccreditation\/organisation\/organes-4\/\" >\n\t\t\t\tOrganes\t\t\t<\/a>\n\t\t<\/h3>\n\t\t\t\t<\/div>\n\t\t\t\t<\/article>\n\t\t\t\t<article class=\"elementor-post elementor-grid-item post-1739 organisation type-organisation status-publish hentry categoria-organisation-chambre-des-hautes-ecoles-pedagogiques\" role=\"listitem\">\n\t\t\t\t<div class=\"elementor-post__text\">\n\t\t\t\t<h3 class=\"elementor-post__title\">\n\t\t\t<a href=\"https:\/\/clientes.w7agencia.com\/swissaccreditation\/organisation\/positions\/\" >\n\t\t\t\tPositions\t\t\t<\/a>\n\t\t<\/h3>\n\t\t\t\t<\/div>\n\t\t\t\t<\/article>\n\t\t\t\t<article class=\"elementor-post elementor-grid-item post-1759 organisation type-organisation status-publish hentry categoria-organisation-organes\" role=\"listitem\">\n\t\t\t\t<div class=\"elementor-post__text\">\n\t\t\t\t<h3 class=\"elementor-post__title\">\n\t\t\t<a href=\"https:\/\/clientes.w7agencia.com\/swissaccreditation\/organisation\/delegations\/\" >\n\t\t\t\tD\u00e9l\u00e9gations\t\t\t<\/a>\n\t\t<\/h3>\n\t\t\t\t<\/div>\n\t\t\t\t<\/article>\n\t\t\t\t<article class=\"elementor-post elementor-grid-item post-1813 organisation type-organisation status-publish hentry categoria-organisation-delegation categoria-organisation-organes\" role=\"listitem\">\n\t\t\t\t<div class=\"elementor-post__text\">\n\t\t\t\t<h3 class=\"elementor-post__title\">\n\t\t\t<a href=\"https:\/\/clientes.w7agencia.com\/swissaccreditation\/organisation\/delegation-diversity\/\" >\n\t\t\t\tD\u00e9l\u00e9gation Diversity\t\t\t<\/a>\n\t\t<\/h3>\n\t\t\t\t<\/div>\n\t\t\t\t<\/article>\n\t\t\t\t<article class=\"elementor-post elementor-grid-item post-1819 organisation type-organisation status-publish hentry categoria-organisation-delegation categoria-organisation-organes\" role=\"listitem\">\n\t\t\t\t<div class=\"elementor-post__text\">\n\t\t\t\t<h3 class=\"elementor-post__title\">\n\t\t\t<a href=\"https:\/\/clientes.w7agencia.com\/swissaccreditation\/organisation\/delegation-recherche\/\" >\n\t\t\t\tD\u00e9l\u00e9gation Recherche\t\t\t<\/a>\n\t\t<\/h3>\n\t\t\t\t<\/div>\n\t\t\t\t<\/article>\n\t\t\t\t<article class=\"elementor-post elementor-grid-item post-1823 organisation type-organisation status-publish hentry categoria-organisation-organes categoria-organisation-delegation\" role=\"listitem\">\n\t\t\t\t<div class=\"elementor-post__text\">\n\t\t\t\t<h3 class=\"elementor-post__title\">\n\t\t\t<a href=\"https:\/\/clientes.w7agencia.com\/swissaccreditation\/organisation\/delegation-strategie-et-coordination-de-la-politique-des-hautes-ecoles\/\" >\n\t\t\t\tD\u00e9l\u00e9gation Strat\u00e9gie et coordination de la politique des hautes \u00e9coles\t\t\t<\/a>\n\t\t<\/h3>\n\t\t\t\t<\/div>\n\t\t\t\t<\/article>\n\t\t\t\t<article class=\"elementor-post elementor-grid-item post-1827 organisation type-organisation status-publish hentry categoria-organisation-organes categoria-organisation-delegation\" role=\"listitem\">\n\t\t\t\t<div class=\"elementor-post__text\">\n\t\t\t\t<h3 class=\"elementor-post__title\">\n\t\t\t<a href=\"https:\/\/clientes.w7agencia.com\/swissaccreditation\/organisation\/delegation-relations-internationales\/\" >\n\t\t\t\tD\u00e9l\u00e9gation Relations Internationales\t\t\t<\/a>\n\t\t<\/h3>\n\t\t\t\t<\/div>\n\t\t\t\t<\/article>\n\t\t\t\t<article class=\"elementor-post elementor-grid-item post-1831 organisation type-organisation status-publish hentry categoria-organisation-organes categoria-organisation-delegation\" role=\"listitem\">\n\t\t\t\t<div class=\"elementor-post__text\">\n\t\t\t\t<h3 class=\"elementor-post__title\">\n\t\t\t<a href=\"https:\/\/clientes.w7agencia.com\/swissaccreditation\/organisation\/delegation-enseignement\/\" >\n\t\t\t\tD\u00e9l\u00e9gation Enseignement\t\t\t<\/a>\n\t\t<\/h3>\n\t\t\t\t<\/div>\n\t\t\t\t<\/article>\n\t\t\t\t<article class=\"elementor-post elementor-grid-item post-1834 organisation type-organisation status-publish hentry categoria-organisation-organes categoria-organisation-delegation\" role=\"listitem\">\n\t\t\t\t<div class=\"elementor-post__text\">\n\t\t\t\t<h3 class=\"elementor-post__title\">\n\t\t\t<a href=\"https:\/\/clientes.w7agencia.com\/swissaccreditation\/organisation\/delegation-open-science\/\" >\n\t\t\t\tD\u00e9l\u00e9gation Open Science\t\t\t<\/a>\n\t\t<\/h3>\n\t\t\t\t<\/div>\n\t\t\t\t<\/article>\n\t\t\t\t<article class=\"elementor-post elementor-grid-item post-1838 organisation type-organisation status-publish hentry categoria-organisation-delegation categoria-organisation-organes\" role=\"listitem\">\n\t\t\t\t<div class=\"elementor-post__text\">\n\t\t\t\t<h3 class=\"elementor-post__title\">\n\t\t\t<a href=\"https:\/\/clientes.w7agencia.com\/swissaccreditation\/organisation\/delegue%c2%b7es\/\" >\n\t\t\t\tD\u00e9l\u00e9gu\u00e9\u00b7es\t\t\t<\/a>\n\t\t<\/h3>\n\t\t\t\t<\/div>\n\t\t\t\t<\/article>\n\t\t\t\t<article class=\"elementor-post elementor-grid-item post-1845 organisation type-organisation status-publish hentry categoria-organisation-organes\" role=\"listitem\">\n\t\t\t\t<div class=\"elementor-post__text\">\n\t\t\t\t<h3 class=\"elementor-post__title\">\n\t\t\t<a href=\"https:\/\/clientes.w7agencia.com\/swissaccreditation\/organisation\/reseaux-et-representations\/\" >\n\t\t\t\tR\u00e9seaux et repr\u00e9sentations\t\t\t<\/a>\n\t\t<\/h3>\n\t\t\t\t<\/div>\n\t\t\t\t<\/article>\n\t\t\t\t<article class=\"elementor-post elementor-grid-item post-1848 organisation type-organisation status-publish hentry categoria-organisation-reseaux-et-representations\" role=\"listitem\">\n\t\t\t\t<div class=\"elementor-post__text\">\n\t\t\t\t<h3 class=\"elementor-post__title\">\n\t\t\t<a href=\"https:\/\/clientes.w7agencia.com\/swissaccreditation\/organisation\/network-ict-services-for-swiss-higher-education\/\" >\n\t\t\t\tNetwork ICT Services for Swiss Higher Education\t\t\t<\/a>\n\t\t<\/h3>\n\t\t\t\t<\/div>\n\t\t\t\t<\/article>\n\t\t\t\t<article class=\"elementor-post elementor-grid-item post-1854 organisation type-organisation status-publish hentry categoria-organisation-reseaux-et-representations\" role=\"listitem\">\n\t\t\t\t<div class=\"elementor-post__text\">\n\t\t\t\t<h3 class=\"elementor-post__title\">\n\t\t\t<a href=\"https:\/\/clientes.w7agencia.com\/swissaccreditation\/organisation\/reseau-enseignement\/\" >\n\t\t\t\tR\u00e9seau enseignement\t\t\t<\/a>\n\t\t<\/h3>\n\t\t\t\t<\/div>\n\t\t\t\t<\/article>\n\t\t\t\t<article class=\"elementor-post elementor-grid-item post-1861 organisation type-organisation status-publish hentry categoria-organisation-reseaux-et-representations\" role=\"listitem\">\n\t\t\t\t<div class=\"elementor-post__text\">\n\t\t\t\t<h3 class=\"elementor-post__title\">\n\t\t\t<a href=\"https:\/\/clientes.w7agencia.com\/swissaccreditation\/organisation\/reseau-durabilite\/\" >\n\t\t\t\tR\u00e9seau durabilit\u00e9\t\t\t<\/a>\n\t\t<\/h3>\n\t\t\t\t<\/div>\n\t\t\t\t<\/article>\n\t\t\t\t<article class=\"elementor-post elementor-grid-item post-1865 organisation type-organisation status-publish hentry categoria-organisation-reseaux-et-representations\" role=\"listitem\">\n\t\t\t\t<div class=\"elementor-post__text\">\n\t\t\t\t<h3 class=\"elementor-post__title\">\n\t\t\t<a href=\"https:\/\/clientes.w7agencia.com\/swissaccreditation\/organisation\/reseau-etudes-et-handicap\/\" >\n\t\t\t\tR\u00e9seau Etudes et handicap\t\t\t<\/a>\n\t\t<\/h3>\n\t\t\t\t<\/div>\n\t\t\t\t<\/article>\n\t\t\t\t<article class=\"elementor-post elementor-grid-item post-1869 organisation type-organisation status-publish hentry categoria-organisation-reseaux-et-representations\" role=\"listitem\">\n\t\t\t\t<div class=\"elementor-post__text\">\n\t\t\t\t<h3 class=\"elementor-post__title\">\n\t\t\t<a href=\"https:\/\/clientes.w7agencia.com\/swissaccreditation\/organisation\/swiss-library-network-for-education-and-research\/\" >\n\t\t\t\tSwiss Library Network for Education and Research\t\t\t<\/a>\n\t\t<\/h3>\n\t\t\t\t<\/div>\n\t\t\t\t<\/article>\n\t\t\t\t<article class=\"elementor-post elementor-grid-item post-1880 organisation type-organisation status-publish hentry categoria-organisation-reseaux-et-representations\" role=\"listitem\">\n\t\t\t\t<div class=\"elementor-post__text\">\n\t\t\t\t<h3 class=\"elementor-post__title\">\n\t\t\t<a href=\"https:\/\/clientes.w7agencia.com\/swissaccreditation\/organisation\/swiss-academic-dual-career-network\/\" >\n\t\t\t\tSwiss Academic Dual Career Network\t\t\t<\/a>\n\t\t<\/h3>\n\t\t\t\t<\/div>\n\t\t\t\t<\/article>\n\t\t\t\t<article class=\"elementor-post elementor-grid-item post-1884 organisation type-organisation status-publish hentry categoria-organisation-reseaux-et-representations\" role=\"listitem\">\n\t\t\t\t<div class=\"elementor-post__text\">\n\t\t\t\t<h3 class=\"elementor-post__title\">\n\t\t\t<a href=\"https:\/\/clientes.w7agencia.com\/swissaccreditation\/organisation\/international-relations-experts-group\/\" >\n\t\t\t\tInternational Relations Experts Group\t\t\t<\/a>\n\t\t<\/h3>\n\t\t\t\t<\/div>\n\t\t\t\t<\/article>\n\t\t\t\t<\/div>\n\t\t\n\t\t\t\t\t\t<\/div>\n\t\t\t\t<\/div>\n\t\t\t\t<\/div>\n\t\t<div class=\"elementor-element elementor-element-8326578 e-con-full e-flex e-con e-child\" data-id=\"8326578\" data-element_type=\"container\" data-e-type=\"container\">\n\t\t\t\t<div class=\"elementor-element elementor-element-51b7f01 elementor-widget elementor-widget-heading\" data-id=\"51b7f01\" data-element_type=\"widget\" data-e-type=\"widget\" data-widget_type=\"heading.default\">\n\t\t\t\t\t<h1 class=\"elementor-heading-title elementor-size-default\">Membres de la Chambre des hautes \u00e9coles p\u00e9dagogiques<\/h1>\t\t\t\t<\/div>\n\t\t\t\t<div class=\"elementor-element elementor-element-aa1b974 elementor-widget elementor-widget-text-editor\" data-id=\"aa1b974\" data-element_type=\"widget\" data-e-type=\"widget\" data-widget_type=\"text-editor.default\">\n\t\t\t\t\t\t\t\t\t<ul><li><a href=\"https:\/\/www.hfh.ch\/\" target=\"_blank\" rel=\"noopener\">Interkantonale Hochschule f\u00fcr Heilp\u00e4dagogik Z\u00fcrich<\/a>, HfH, repr\u00e9sent\u00e9e par sa rectrice, Prof. Dr Barbara F\u00e4h, Pr\u00e9sidente de la Chambre des hautes \u00e9coles p\u00e9dagogiques, Vice-pr\u00e9sidente swissuniversities<\/li><li><a href=\"https:\/\/hepvs.ch\/\" target=\"_blank\" rel=\"noopener\">Haute \u00e9cole p\u00e9dagogique du Valais<\/a>, HEP-VS, \u00a0repr\u00e9sent\u00e9e par son directeur, Fabio Di Giacomo, Vice-pr\u00e9sident de la Chambre des hautes \u00e9coles p\u00e9dagogiques<\/li><li><a href=\"https:\/\/www.phtg.ch\/\" target=\"_blank\" rel=\"noopener\">P\u00e4dagogische Hochschule Thurgau<\/a>, PHTG, repr\u00e9sent\u00e9e par sa rectrice, Prof. Dr Sabina Larcher, Vice-pr\u00e9sidente de la Chambre des hautes \u00e9coles p\u00e9dagogiques<\/li><li><a href=\"https:\/\/www.phsg.ch\/de\" target=\"_blank\" rel=\"noopener\">P\u00e4dagogische Hochschule St.Gallen<\/a>, PHSG, repr\u00e9sent\u00e9e par son recteur, Prof. Dr Horst Biedermann, Membre du Comit\u00e9 de la Chambre des hautes \u00e9coles p\u00e9dagogiques\\<\/li><li><a href=\"https:\/\/www.hepl.ch\/accueil.html\" target=\"_blank\" rel=\"noopener\">Haute \u00e9cole p\u00e9dagogique du canton de Vaud, HEP Vaud<\/a>, repr\u00e9sent\u00e9e par son recteur, Prof. Dr Thierry Dias, Membre du Comit\u00e9 de la Chambre des hautes \u00e9coles p\u00e9dagogiques<\/li><li><a href=\"https:\/\/www.phlu.ch\/?utm_source=googleads&amp;utm_medium=adhook&amp;utm_campaign=Dynamische+Suchkampagne+5f0dab5136d1a00001935ddd&amp;utm_content=Dynamische+Suchanzeige+9f39c2d2cf5f2e4f83c6ab8f9fbedaec&amp;gad_source=1&amp;gclid=CjwKCAjw7-SvBhB6EiwAwYdCATlkB3XT1KcvwGf5eIHWmYvSbJYVYr_3T2FeeAG7Vecars1ZLjBNWxoCJlEQAvD_BwE\" target=\"_blank\" rel=\"noopener\">P\u00e4dagogische Hochschule Luzern<\/a>, PH Luzern, repr\u00e9sent\u00e9e par sa rectrice, Prof. Dr Kathrin Krammer, Membre du Comit\u00e9 de la Chambre des hautes \u00e9coles p\u00e9dagogiques<\/li><li><a href=\"https:\/\/www.fhnw.ch\/de\/ph\" target=\"_blank\" rel=\"noopener\">P\u00e4dagogische Hochschule FHNW<\/a>, PH FHNW, repr\u00e9sent\u00e9e par son directeur, Prof. Dr Guido McCombie, Membre du Comit\u00e9 de la Chambre des hautes \u00e9coles p\u00e9dagogiques<\/li><li><a href=\"https:\/\/www.hefp.swiss\/\" target=\"_blank\" rel=\"noopener\">Haute \u00e9cole f\u00e9d\u00e9rale en formation professionnelle<\/a>, HEFP, repr\u00e9sent\u00e9e par sa directrice, Dr Barbara Fontanellaz<\/li><li><a href=\"https:\/\/www.unifr.ch\/eduform\/fr\/\" target=\"_blank\" rel=\"noopener\">Facult\u00e9 des sciences de l&#8217;\u00e9ducation et de la formation<\/a>, EduForm, repr\u00e9sent\u00e9e par sa professeure adjointe, Prof. Dr Sarah Forster-Heinzer<\/li><li><a href=\"https:\/\/www.phsh.ch\/\" target=\"_blank\" rel=\"noopener\">P\u00e4dagogische Hochschule Schaffhausen<\/a>, PHSH, repr\u00e9sent\u00e9e par sa recteur, Prof. Dr Thomas Hermann<\/li><li><a href=\"https:\/\/www.phsz.ch\/?gad_source=1&amp;gclid=CjwKCAjw7-SvBhB6EiwAwYdCAUZyfBS1wUvSCc_K7T5YdneKiiFDLIjs1ko4w-Looo2hNMz20gVV9RoCLI0QAvD_BwE\" target=\"_blank\" rel=\"noopener\">P\u00e4dagogische Hochschule Schwyz<\/a>, PHSZ, repr\u00e9sent\u00e9e par sa rectrice, Prof. Dr Kathrin Futter<\/li><li><a href=\"https:\/\/phgr.ch\/\" target=\"_blank\" rel=\"noopener\">P\u00e4dagogische Hochschule Graub\u00fcnden<\/a>, PHGR, repr\u00e9sent\u00e9e par son recteur, Dr Reto Givel<\/li><li><a href=\"https:\/\/www.zg.ch\/behoerden\/direktion-fur-bildung-und-kultur\/phzg\" target=\"_blank\" rel=\"noopener\">P\u00e4dagogische Hochschule Zug<\/a>, PH Zug, repr\u00e9sent\u00e9e par sa rectrice, Prof. Dr Esther Kamm<\/li><li><a href=\"https:\/\/www.unige.ch\/iufe\/\" target=\"_blank\" rel=\"noopener\">Institut Universitaire de Formation pour l&#8217;Enseignement<\/a>, repr\u00e9sent\u00e9e par son directeur, Prof. Dr Olivier Maulini<\/li><li><a href=\"https:\/\/www.nmsbern.ch\/agenda\/detail\/infoanlass-21-maerz-24?gad_source=1&amp;gclid=CjwKCAjw7-SvBhB6EiwAwYdCAfhb_pBlm9mYQGqPl6ZrT8XyOVF-0kDfZ3u1vAOIsi4QLWkJkm-PfRoCnIEQAvD_BwE\" target=\"_blank\" rel=\"noopener\">P\u00e4dagogisches Hochschulinstitut NMS Bern<\/a>, PH NMS Bern, repr\u00e9sent\u00e9e par son rectrice, Prof. Dr Katrin M\u00fcller<\/li><li><a href=\"https:\/\/www.phbern.ch\/\" target=\"_blank\" rel=\"noopener\">P\u00e4dagogische Hochschule Bern<\/a>, PHBern, repr\u00e9sent\u00e9e par son recteur, Prof. Dr Martin Sch\u00e4fer<\/li><li><a href=\"https:\/\/phzh.ch\/de\/\" target=\"_blank\" rel=\"noopener\">P\u00e4dagogische Hochschule Z\u00fcrich<\/a>, PH Z\u00fcrich, repr\u00e9sent\u00e9e par sa rectrice, Prof. Dr Andrea Schweizer<\/li><li><a href=\"https:\/\/www.supsi.ch\/it\/web\/dfa\/home\" target=\"_blank\" rel=\"noopener\">D\u00e9partement formation et apprentissage \/ Haute \u00e9cole p\u00e9dagogique<\/a>, SUPSI-DFA\/ASP, repr\u00e9sent\u00e9e par sa directrice, Prof. Daniela Willi-Piezzi<\/li><li><a href=\"https:\/\/www.hep-bejune.ch\/\" target=\"_blank\" rel=\"noopener\">Haute \u00e9cole p\u00e9dagogique &#8211; BEJUNE<\/a>, HEP-BEJUNE, repr\u00e9sent\u00e9e par son recteur, Prof. Dr Maxime Zuber<\/li><\/ul><h3>Direction de la Chambre des hautes \u00e9coles p\u00e9dagogiques avec vote consultatif<\/h3><ul><li data-list-item-id=\"eaa2042578524fdaa61fddaea4c7c8a35\">Claudia D\u00e4rendinger, collaboratrice scientifique, gestion de la Chambre des hautes \u00e9coles p\u00e9dagogiques<\/li><\/ul>\t\t\t\t\t\t\t\t<\/div>\n\t\t\t\t<\/div>\n\t\t<div class=\"elementor-element elementor-element-d827470 e-con-full e-flex e-con e-child\" data-id=\"d827470\" data-element_type=\"container\" data-e-type=\"container\" data-settings=\"{&quot;sticky&quot;:&quot;top&quot;,&quot;sticky_on&quot;:[&quot;desktop&quot;,&quot;laptop&quot;],&quot;sticky_offset&quot;:16,&quot;sticky_parent&quot;:&quot;yes&quot;,&quot;sticky_effects_offset&quot;:0,&quot;sticky_anchor_link_offset&quot;:0}\">\n\t\t\t\t<div class=\"elementor-element elementor-element-b20cecf elementor-widget elementor-widget-n-accordion\" data-id=\"b20cecf\" data-element_type=\"widget\" data-e-type=\"widget\" data-settings=\"{&quot;default_state&quot;:&quot;all_collapsed&quot;,&quot;max_items_expended&quot;:&quot;one&quot;,&quot;n_accordion_animation_duration&quot;:{&quot;unit&quot;:&quot;ms&quot;,&quot;size&quot;:400,&quot;sizes&quot;:[]}}\" data-widget_type=\"nested-accordion.default\">\n\t\t\t\t\t\t\t<div class=\"e-n-accordion\" aria-label=\"Accordion. Open links with Enter or Space, close with Escape, and navigate with Arrow Keys\">\n\t\t\t\t\t\t<details id=\"e-n-accordion-item-1860\" class=\"e-n-accordion-item\" >\n\t\t\t\t<summary class=\"e-n-accordion-item-title\" data-accordion-index=\"1\" tabindex=\"0\" aria-expanded=\"false\" aria-controls=\"e-n-accordion-item-1860\" >\n\t\t\t\t\t<span class='e-n-accordion-item-title-header'><div class=\"e-n-accordion-item-title-text\"> Contact <\/div><\/span>\n\t\t\t\t\t\t\t<span class='e-n-accordion-item-title-icon'>\n\t\t\t<span class='e-opened' ><svg xmlns=\"http:\/\/www.w3.org\/2000\/svg\" width=\"24\" height=\"24\" fill=\"currentColor\" viewBox=\"0 0 24 24\"><path d=\"M6.707 15.707a1 1 0 1 1-1.414-1.414l6-6a1 1 0 0 1 1.414 0l6 6a1 1 0 1 1-1.414 1.414L12 10.414l-5.293 5.293Z\"><\/path><\/svg><\/span>\n\t\t\t<span class='e-closed'><svg xmlns=\"http:\/\/www.w3.org\/2000\/svg\" width=\"24\" height=\"24\" fill=\"currentColor\" viewBox=\"0 0 24 24\"><path d=\"M17.293 8.293a1 1 0 1 1 1.414 1.414l-6 6a1 1 0 0 1-1.414 0l-6-6a1 1 0 1 1 1.414-1.414L12 13.586l5.293-5.293Z\"><\/path><\/svg><\/span>\n\t\t<\/span>\n\n\t\t\t\t\t\t<\/summary>\n\t\t\t\t<div role=\"region\" aria-labelledby=\"e-n-accordion-item-1860\" class=\"elementor-element elementor-element-73ba20c e-con-full e-flex e-con e-child\" data-id=\"73ba20c\" data-element_type=\"container\" data-e-type=\"container\">\n\t\t\t\t<div class=\"elementor-element elementor-element-30a168e elementor-widget elementor-widget-text-editor\" data-id=\"30a168e\" data-element_type=\"widget\" data-e-type=\"widget\" data-widget_type=\"text-editor.default\">\n\t\t\t\t\t\t\t\t\t<p><strong>Claudia D\u00e4rendinger<\/strong><br \/>Responsable de la Chambre des hautes \u00e9coles p\u00e9dagogiques<br \/>+41 31 335 07 59<br \/><a href=\"https:\/\/www.swissuniversities.ch\/fr\/organisation\/organes\/chambre-des-hautes-ecoles-pedagogiques\/membres#\" target=\"_blank\" rel=\"noopener\">Mail<\/a><\/p><p><strong>Valeria Cova<\/strong><br \/>Assistante<br \/>+41 31 335 07 62<br \/><a href=\"https:\/\/www.swissuniversities.ch\/fr\/organisation\/organes\/chambre-des-hautes-ecoles-pedagogiques\/membres#\" target=\"_blank\" rel=\"noopener\">Mail<\/a><\/p>\t\t\t\t\t\t\t\t<\/div>\n\t\t\t\t<\/div>\n\t\t\t\t\t<\/details>\n\t\t\t\t\t<\/div>\n\t\t\t\t\t\t<\/div>\n\t\t\t\t<\/div>\n\t\t\t\t\t<\/div>\n\t\t\t\t<\/div>\n\t\t\t\t<\/div>\n\t\t","protected":false},"template":"","meta":{"_links_to":"","_links_to_target":""},"categoria-organisation":[43,38],"class_list":["post-1737","organisation","type-organisation","status-publish","hentry","categoria-organisation-chambre-des-hautes-ecoles-pedagogiques","categoria-organisation-organes"],"ase":null,"_links":{"self":[{"href":"https:\/\/clientes.w7agencia.com\/swissaccreditation\/wp-json\/wp\/v2\/organisation\/1737","targetHints":{"allow":["GET"]}}],"collection":[{"href":"https:\/\/clientes.w7agencia.com\/swissaccreditation\/wp-json\/wp\/v2\/organisation"}],"about":[{"href":"https:\/\/clientes.w7agencia.com\/swissaccreditation\/wp-json\/wp\/v2\/types\/organisation"}],"version-history":[{"count":0,"href":"https:\/\/clientes.w7agencia.com\/swissaccreditation\/wp-json\/wp\/v2\/organisation\/1737\/revisions"}],"wp:attachment":[{"href":"https:\/\/clientes.w7agencia.com\/swissaccreditation\/wp-json\/wp\/v2\/media?parent=1737"}],"wp:term":[{"taxonomy":"categoria-organisation","embeddable":true,"href":"https:\/\/clientes.w7agencia.com\/swissaccreditation\/wp-json\/wp\/v2\/categoria-organisation?post=1737"}],"curies":[{"name":"wp","href":"https:\/\/api.w.org\/{rel}","templated":true}]}}