{"id":1709,"date":"2026-06-15T23:04:23","date_gmt":"2026-06-16T02:04:23","guid":{"rendered":"https:\/\/clientes.w7agencia.com\/swissaccreditation\/?post_type=organisation&#038;p=1709"},"modified":"2026-06-16T10:38:11","modified_gmt":"2026-06-16T13:38:11","slug":"organes-3","status":"publish","type":"organisation","link":"https:\/\/clientes.w7agencia.com\/swissaccreditation\/organisation\/organes-3\/","title":{"rendered":"Organes"},"content":{"rendered":"\t\t<div data-elementor-type=\"wp-post\" data-elementor-id=\"1709\" class=\"elementor elementor-1709\" data-elementor-post-type=\"organisation\">\n\t\t\t\t<div class=\"elementor-element elementor-element-bcd4c50 e-flex e-con-boxed e-con e-parent\" data-id=\"bcd4c50\" data-element_type=\"container\" data-e-type=\"container\">\n\t\t\t\t\t<div class=\"e-con-inner\">\n\t\t\t\t<div class=\"elementor-element elementor-element-78ea205 elementor-widget elementor-widget-breadcrumbs\" data-id=\"78ea205\" data-element_type=\"widget\" data-e-type=\"widget\" data-widget_type=\"breadcrumbs.default\">\n\t\t\t\t<div class=\"elementor-widget-container\">\n\t\t\t\t\t<nav><span class=\"last\">Commencer<\/span><\/nav>\t\t\t\t<\/div>\n\t\t\t\t<\/div>\n\t\t\t\t\t<\/div>\n\t\t\t\t<\/div>\n\t\t<div class=\"elementor-element elementor-element-08a75c4 e-flex e-con-boxed e-con e-parent\" data-id=\"08a75c4\" data-element_type=\"container\" data-e-type=\"container\">\n\t\t\t\t\t<div class=\"e-con-inner\">\n\t\t<div class=\"elementor-element elementor-element-6af0349 e-con-full elementor-hidden-mobile e-flex e-con e-child\" data-id=\"6af0349\" data-element_type=\"container\" data-e-type=\"container\" data-settings=\"{&quot;sticky&quot;:&quot;top&quot;,&quot;sticky_on&quot;:[&quot;desktop&quot;,&quot;laptop&quot;],&quot;sticky_offset&quot;:16,&quot;sticky_parent&quot;:&quot;yes&quot;,&quot;sticky_effects_offset&quot;:0,&quot;sticky_anchor_link_offset&quot;:0}\">\n\t\t\t\t<div class=\"elementor-element elementor-element-8bf0067 elementor-widget elementor-widget-heading\" data-id=\"8bf0067\" data-element_type=\"widget\" data-e-type=\"widget\" data-widget_type=\"heading.default\">\n\t\t\t\t\t<h2 class=\"elementor-heading-title elementor-size-default\">Organes<\/h2>\t\t\t\t<\/div>\n\t\t\t\t<div class=\"elementor-element elementor-element-1bc025f elementor-grid-1 elementor-posts--thumbnail-none elementor-grid-tablet-2 elementor-grid-mobile-1 elementor-widget elementor-widget-posts\" data-id=\"1bc025f\" data-element_type=\"widget\" data-e-type=\"widget\" data-settings=\"{&quot;classic_columns&quot;:&quot;1&quot;,&quot;classic_row_gap&quot;:{&quot;unit&quot;:&quot;px&quot;,&quot;size&quot;:10,&quot;sizes&quot;:[]},&quot;classic_columns_tablet&quot;:&quot;2&quot;,&quot;classic_columns_mobile&quot;:&quot;1&quot;,&quot;classic_row_gap_laptop&quot;:{&quot;unit&quot;:&quot;px&quot;,&quot;size&quot;:&quot;&quot;,&quot;sizes&quot;:[]},&quot;classic_row_gap_tablet&quot;:{&quot;unit&quot;:&quot;px&quot;,&quot;size&quot;:&quot;&quot;,&quot;sizes&quot;:[]},&quot;classic_row_gap_mobile&quot;:{&quot;unit&quot;:&quot;px&quot;,&quot;size&quot;:&quot;&quot;,&quot;sizes&quot;:[]}}\" data-widget_type=\"posts.classic\">\n\t\t\t\t<div class=\"elementor-widget-container\">\n\t\t\t\t\t\t\t<div class=\"elementor-posts-container elementor-posts elementor-posts--skin-classic elementor-grid\" role=\"list\">\n\t\t\t\t<article class=\"elementor-post elementor-grid-item post-1647 organisation type-organisation status-publish hentry categoria-organisation-organes\" role=\"listitem\">\n\t\t\t\t<div class=\"elementor-post__text\">\n\t\t\t\t<h3 class=\"elementor-post__title\">\n\t\t\t<a href=\"https:\/\/clientes.w7agencia.com\/swissaccreditation\/organisation\/assemblee-pleniere\/\" >\n\t\t\t\tAssembl\u00e9e pl\u00e9ni\u00e8re\t\t\t<\/a>\n\t\t<\/h3>\n\t\t\t\t<\/div>\n\t\t\t\t<\/article>\n\t\t\t\t<article class=\"elementor-post elementor-grid-item post-1651 organisation type-organisation status-publish hentry categoria-organisation-organes\" role=\"listitem\">\n\t\t\t\t<div class=\"elementor-post__text\">\n\t\t\t\t<h3 class=\"elementor-post__title\">\n\t\t\t<a href=\"https:\/\/clientes.w7agencia.com\/swissaccreditation\/organisation\/comite\/\" >\n\t\t\t\tComit\u00e9\t\t\t<\/a>\n\t\t<\/h3>\n\t\t\t\t<\/div>\n\t\t\t\t<\/article>\n\t\t\t\t<article class=\"elementor-post elementor-grid-item post-1657 organisation type-organisation status-publish hentry categoria-organisation-organes\" role=\"listitem\">\n\t\t\t\t<div class=\"elementor-post__text\">\n\t\t\t\t<h3 class=\"elementor-post__title\">\n\t\t\t<a href=\"https:\/\/clientes.w7agencia.com\/swissaccreditation\/organisation\/chambre-des-hautes-ecoles-universitaires\/\" >\n\t\t\t\tChambre des hautes \u00e9coles universitaires\t\t\t<\/a>\n\t\t<\/h3>\n\t\t\t\t<\/div>\n\t\t\t\t<\/article>\n\t\t\t\t<article class=\"elementor-post elementor-grid-item post-1661 organisation type-organisation status-publish hentry categoria-organisation-chambre-des-hautes-ecoles-universitaires categoria-organisation-organes\" role=\"listitem\">\n\t\t\t\t<div class=\"elementor-post__text\">\n\t\t\t\t<h3 class=\"elementor-post__title\">\n\t\t\t<a href=\"https:\/\/clientes.w7agencia.com\/swissaccreditation\/organisation\/members\/\" >\n\t\t\t\tMembers\t\t\t<\/a>\n\t\t<\/h3>\n\t\t\t\t<\/div>\n\t\t\t\t<\/article>\n\t\t\t\t<article class=\"elementor-post elementor-grid-item post-1687 organisation type-organisation status-publish hentry categoria-organisation-chambre-des-hautes-ecoles-universitaires categoria-organisation-organes\" role=\"listitem\">\n\t\t\t\t<div class=\"elementor-post__text\">\n\t\t\t\t<h3 class=\"elementor-post__title\">\n\t\t\t<a href=\"https:\/\/clientes.w7agencia.com\/swissaccreditation\/organisation\/organes-2\/\" >\n\t\t\t\tOrganes\t\t\t<\/a>\n\t\t<\/h3>\n\t\t\t\t<\/div>\n\t\t\t\t<\/article>\n\t\t\t\t<article class=\"elementor-post elementor-grid-item post-1695 organisation type-organisation status-publish hentry categoria-organisation-chambre-des-hautes-ecoles-universitaires categoria-organisation-organes\" role=\"listitem\">\n\t\t\t\t<div class=\"elementor-post__text\">\n\t\t\t\t<h3 class=\"elementor-post__title\">\n\t\t\t<a href=\"https:\/\/clientes.w7agencia.com\/swissaccreditation\/organisation\/dies-academici\/\" >\n\t\t\t\tDies academici\t\t\t<\/a>\n\t\t<\/h3>\n\t\t\t\t<\/div>\n\t\t\t\t<\/article>\n\t\t\t\t<article class=\"elementor-post elementor-grid-item post-1701 organisation type-organisation status-publish hentry categoria-organisation-organes\" role=\"listitem\">\n\t\t\t\t<div class=\"elementor-post__text\">\n\t\t\t\t<h3 class=\"elementor-post__title\">\n\t\t\t<a href=\"https:\/\/clientes.w7agencia.com\/swissaccreditation\/organisation\/chambre-des-hautes-ecoles-specialisees\/\" >\n\t\t\t\tChambre des hautes \u00e9coles sp\u00e9cialis\u00e9es\t\t\t<\/a>\n\t\t<\/h3>\n\t\t\t\t<\/div>\n\t\t\t\t<\/article>\n\t\t\t\t<article class=\"elementor-post elementor-grid-item post-1711 organisation type-organisation status-publish hentry categoria-organisation-chambre-des-hautes-ecoles-specialisees categoria-organisation-organes\" role=\"listitem\">\n\t\t\t\t<div class=\"elementor-post__text\">\n\t\t\t\t<h3 class=\"elementor-post__title\">\n\t\t\t<a href=\"https:\/\/clientes.w7agencia.com\/swissaccreditation\/organisation\/members-2\/\" >\n\t\t\t\tMembers\t\t\t<\/a>\n\t\t<\/h3>\n\t\t\t\t<\/div>\n\t\t\t\t<\/article>\n\t\t\t\t<article class=\"elementor-post elementor-grid-item post-1709 organisation type-organisation status-publish hentry categoria-organisation-chambre-des-hautes-ecoles-specialisees categoria-organisation-organes\" role=\"listitem\">\n\t\t\t\t<div class=\"elementor-post__text\">\n\t\t\t\t<h3 class=\"elementor-post__title\">\n\t\t\t<a href=\"https:\/\/clientes.w7agencia.com\/swissaccreditation\/organisation\/organes-3\/\" >\n\t\t\t\tOrganes\t\t\t<\/a>\n\t\t<\/h3>\n\t\t\t\t<\/div>\n\t\t\t\t<\/article>\n\t\t\t\t<article class=\"elementor-post elementor-grid-item post-1721 organisation type-organisation status-publish hentry categoria-organisation-organes categoria-organisation-chambre-des-hautes-ecoles-specialisees\" role=\"listitem\">\n\t\t\t\t<div class=\"elementor-post__text\">\n\t\t\t\t<h3 class=\"elementor-post__title\">\n\t\t\t<a href=\"https:\/\/clientes.w7agencia.com\/swissaccreditation\/organisation\/partenaires\/\" >\n\t\t\t\tPartenaires\t\t\t<\/a>\n\t\t<\/h3>\n\t\t\t\t<\/div>\n\t\t\t\t<\/article>\n\t\t\t\t<article class=\"elementor-post elementor-grid-item post-1725 organisation type-organisation status-publish hentry categoria-organisation-organes categoria-organisation-chambre-des-hautes-ecoles-specialisees\" role=\"listitem\">\n\t\t\t\t<div class=\"elementor-post__text\">\n\t\t\t\t<h3 class=\"elementor-post__title\">\n\t\t\t<a href=\"https:\/\/clientes.w7agencia.com\/swissaccreditation\/organisation\/fh-hochschultage\/\" >\n\t\t\t\tFH Hochschultage\t\t\t<\/a>\n\t\t<\/h3>\n\t\t\t\t<\/div>\n\t\t\t\t<\/article>\n\t\t\t\t<article class=\"elementor-post elementor-grid-item post-1729 organisation type-organisation status-publish hentry categoria-organisation-organes\" role=\"listitem\">\n\t\t\t\t<div class=\"elementor-post__text\">\n\t\t\t\t<h3 class=\"elementor-post__title\">\n\t\t\t<a href=\"https:\/\/clientes.w7agencia.com\/swissaccreditation\/organisation\/chambre-des-hautes-ecoles-pedagogiques\/\" >\n\t\t\t\tChambre des hautes \u00e9coles p\u00e9dagogiques\t\t\t<\/a>\n\t\t<\/h3>\n\t\t\t\t<\/div>\n\t\t\t\t<\/article>\n\t\t\t\t<article class=\"elementor-post elementor-grid-item post-1737 organisation type-organisation status-publish hentry categoria-organisation-organes categoria-organisation-chambre-des-hautes-ecoles-pedagogiques\" role=\"listitem\">\n\t\t\t\t<div class=\"elementor-post__text\">\n\t\t\t\t<h3 class=\"elementor-post__title\">\n\t\t\t<a href=\"https:\/\/clientes.w7agencia.com\/swissaccreditation\/organisation\/members-3\/\" >\n\t\t\t\tMembers\t\t\t<\/a>\n\t\t<\/h3>\n\t\t\t\t<\/div>\n\t\t\t\t<\/article>\n\t\t\t\t<article class=\"elementor-post elementor-grid-item post-1738 organisation type-organisation status-publish hentry categoria-organisation-chambre-des-hautes-ecoles-pedagogiques categoria-organisation-organes\" role=\"listitem\">\n\t\t\t\t<div class=\"elementor-post__text\">\n\t\t\t\t<h3 class=\"elementor-post__title\">\n\t\t\t<a href=\"https:\/\/clientes.w7agencia.com\/swissaccreditation\/organisation\/organes-4\/\" >\n\t\t\t\tOrganes\t\t\t<\/a>\n\t\t<\/h3>\n\t\t\t\t<\/div>\n\t\t\t\t<\/article>\n\t\t\t\t<article class=\"elementor-post elementor-grid-item post-1739 organisation type-organisation status-publish hentry categoria-organisation-chambre-des-hautes-ecoles-pedagogiques\" role=\"listitem\">\n\t\t\t\t<div class=\"elementor-post__text\">\n\t\t\t\t<h3 class=\"elementor-post__title\">\n\t\t\t<a href=\"https:\/\/clientes.w7agencia.com\/swissaccreditation\/organisation\/positions\/\" >\n\t\t\t\tPositions\t\t\t<\/a>\n\t\t<\/h3>\n\t\t\t\t<\/div>\n\t\t\t\t<\/article>\n\t\t\t\t<article class=\"elementor-post elementor-grid-item post-1759 organisation type-organisation status-publish hentry categoria-organisation-organes\" role=\"listitem\">\n\t\t\t\t<div class=\"elementor-post__text\">\n\t\t\t\t<h3 class=\"elementor-post__title\">\n\t\t\t<a href=\"https:\/\/clientes.w7agencia.com\/swissaccreditation\/organisation\/delegations\/\" >\n\t\t\t\tD\u00e9l\u00e9gations\t\t\t<\/a>\n\t\t<\/h3>\n\t\t\t\t<\/div>\n\t\t\t\t<\/article>\n\t\t\t\t<article class=\"elementor-post elementor-grid-item post-1813 organisation type-organisation status-publish hentry categoria-organisation-delegation categoria-organisation-organes\" role=\"listitem\">\n\t\t\t\t<div class=\"elementor-post__text\">\n\t\t\t\t<h3 class=\"elementor-post__title\">\n\t\t\t<a href=\"https:\/\/clientes.w7agencia.com\/swissaccreditation\/organisation\/delegation-diversity\/\" >\n\t\t\t\tD\u00e9l\u00e9gation Diversity\t\t\t<\/a>\n\t\t<\/h3>\n\t\t\t\t<\/div>\n\t\t\t\t<\/article>\n\t\t\t\t<article class=\"elementor-post elementor-grid-item post-1819 organisation type-organisation status-publish hentry categoria-organisation-delegation categoria-organisation-organes\" role=\"listitem\">\n\t\t\t\t<div class=\"elementor-post__text\">\n\t\t\t\t<h3 class=\"elementor-post__title\">\n\t\t\t<a href=\"https:\/\/clientes.w7agencia.com\/swissaccreditation\/organisation\/delegation-recherche\/\" >\n\t\t\t\tD\u00e9l\u00e9gation Recherche\t\t\t<\/a>\n\t\t<\/h3>\n\t\t\t\t<\/div>\n\t\t\t\t<\/article>\n\t\t\t\t<article class=\"elementor-post elementor-grid-item post-1823 organisation type-organisation status-publish hentry categoria-organisation-delegation categoria-organisation-organes\" role=\"listitem\">\n\t\t\t\t<div class=\"elementor-post__text\">\n\t\t\t\t<h3 class=\"elementor-post__title\">\n\t\t\t<a href=\"https:\/\/clientes.w7agencia.com\/swissaccreditation\/organisation\/delegation-strategie-et-coordination-de-la-politique-des-hautes-ecoles\/\" >\n\t\t\t\tD\u00e9l\u00e9gation Strat\u00e9gie et coordination de la politique des hautes \u00e9coles\t\t\t<\/a>\n\t\t<\/h3>\n\t\t\t\t<\/div>\n\t\t\t\t<\/article>\n\t\t\t\t<article class=\"elementor-post elementor-grid-item post-1827 organisation type-organisation status-publish hentry categoria-organisation-delegation categoria-organisation-organes\" role=\"listitem\">\n\t\t\t\t<div class=\"elementor-post__text\">\n\t\t\t\t<h3 class=\"elementor-post__title\">\n\t\t\t<a href=\"https:\/\/clientes.w7agencia.com\/swissaccreditation\/organisation\/delegation-relations-internationales\/\" >\n\t\t\t\tD\u00e9l\u00e9gation Relations Internationales\t\t\t<\/a>\n\t\t<\/h3>\n\t\t\t\t<\/div>\n\t\t\t\t<\/article>\n\t\t\t\t<article class=\"elementor-post elementor-grid-item post-1831 organisation type-organisation status-publish hentry categoria-organisation-delegation categoria-organisation-organes\" role=\"listitem\">\n\t\t\t\t<div class=\"elementor-post__text\">\n\t\t\t\t<h3 class=\"elementor-post__title\">\n\t\t\t<a href=\"https:\/\/clientes.w7agencia.com\/swissaccreditation\/organisation\/delegation-enseignement\/\" >\n\t\t\t\tD\u00e9l\u00e9gation Enseignement\t\t\t<\/a>\n\t\t<\/h3>\n\t\t\t\t<\/div>\n\t\t\t\t<\/article>\n\t\t\t\t<article class=\"elementor-post elementor-grid-item post-1834 organisation type-organisation status-publish hentry categoria-organisation-organes categoria-organisation-delegation\" role=\"listitem\">\n\t\t\t\t<div class=\"elementor-post__text\">\n\t\t\t\t<h3 class=\"elementor-post__title\">\n\t\t\t<a href=\"https:\/\/clientes.w7agencia.com\/swissaccreditation\/organisation\/delegation-open-science\/\" >\n\t\t\t\tD\u00e9l\u00e9gation Open Science\t\t\t<\/a>\n\t\t<\/h3>\n\t\t\t\t<\/div>\n\t\t\t\t<\/article>\n\t\t\t\t<article class=\"elementor-post elementor-grid-item post-1838 organisation type-organisation status-publish hentry categoria-organisation-organes categoria-organisation-delegation\" role=\"listitem\">\n\t\t\t\t<div class=\"elementor-post__text\">\n\t\t\t\t<h3 class=\"elementor-post__title\">\n\t\t\t<a href=\"https:\/\/clientes.w7agencia.com\/swissaccreditation\/organisation\/delegue%c2%b7es\/\" >\n\t\t\t\tD\u00e9l\u00e9gu\u00e9\u00b7es\t\t\t<\/a>\n\t\t<\/h3>\n\t\t\t\t<\/div>\n\t\t\t\t<\/article>\n\t\t\t\t<article class=\"elementor-post elementor-grid-item post-1845 organisation type-organisation status-publish hentry categoria-organisation-organes\" role=\"listitem\">\n\t\t\t\t<div class=\"elementor-post__text\">\n\t\t\t\t<h3 class=\"elementor-post__title\">\n\t\t\t<a href=\"https:\/\/clientes.w7agencia.com\/swissaccreditation\/organisation\/reseaux-et-representations\/\" >\n\t\t\t\tR\u00e9seaux et repr\u00e9sentations\t\t\t<\/a>\n\t\t<\/h3>\n\t\t\t\t<\/div>\n\t\t\t\t<\/article>\n\t\t\t\t<article class=\"elementor-post elementor-grid-item post-1848 organisation type-organisation status-publish hentry categoria-organisation-reseaux-et-representations\" role=\"listitem\">\n\t\t\t\t<div class=\"elementor-post__text\">\n\t\t\t\t<h3 class=\"elementor-post__title\">\n\t\t\t<a href=\"https:\/\/clientes.w7agencia.com\/swissaccreditation\/organisation\/network-ict-services-for-swiss-higher-education\/\" >\n\t\t\t\tNetwork ICT Services for Swiss Higher Education\t\t\t<\/a>\n\t\t<\/h3>\n\t\t\t\t<\/div>\n\t\t\t\t<\/article>\n\t\t\t\t<article class=\"elementor-post elementor-grid-item post-1854 organisation type-organisation status-publish hentry categoria-organisation-reseaux-et-representations\" role=\"listitem\">\n\t\t\t\t<div class=\"elementor-post__text\">\n\t\t\t\t<h3 class=\"elementor-post__title\">\n\t\t\t<a href=\"https:\/\/clientes.w7agencia.com\/swissaccreditation\/organisation\/reseau-enseignement\/\" >\n\t\t\t\tR\u00e9seau enseignement\t\t\t<\/a>\n\t\t<\/h3>\n\t\t\t\t<\/div>\n\t\t\t\t<\/article>\n\t\t\t\t<article class=\"elementor-post elementor-grid-item post-1861 organisation type-organisation status-publish hentry categoria-organisation-reseaux-et-representations\" role=\"listitem\">\n\t\t\t\t<div class=\"elementor-post__text\">\n\t\t\t\t<h3 class=\"elementor-post__title\">\n\t\t\t<a href=\"https:\/\/clientes.w7agencia.com\/swissaccreditation\/organisation\/reseau-durabilite\/\" >\n\t\t\t\tR\u00e9seau durabilit\u00e9\t\t\t<\/a>\n\t\t<\/h3>\n\t\t\t\t<\/div>\n\t\t\t\t<\/article>\n\t\t\t\t<article class=\"elementor-post elementor-grid-item post-1865 organisation type-organisation status-publish hentry categoria-organisation-reseaux-et-representations\" role=\"listitem\">\n\t\t\t\t<div class=\"elementor-post__text\">\n\t\t\t\t<h3 class=\"elementor-post__title\">\n\t\t\t<a href=\"https:\/\/clientes.w7agencia.com\/swissaccreditation\/organisation\/reseau-etudes-et-handicap\/\" >\n\t\t\t\tR\u00e9seau Etudes et handicap\t\t\t<\/a>\n\t\t<\/h3>\n\t\t\t\t<\/div>\n\t\t\t\t<\/article>\n\t\t\t\t<article class=\"elementor-post elementor-grid-item post-1869 organisation type-organisation status-publish hentry categoria-organisation-reseaux-et-representations\" role=\"listitem\">\n\t\t\t\t<div class=\"elementor-post__text\">\n\t\t\t\t<h3 class=\"elementor-post__title\">\n\t\t\t<a href=\"https:\/\/clientes.w7agencia.com\/swissaccreditation\/organisation\/swiss-library-network-for-education-and-research\/\" >\n\t\t\t\tSwiss Library Network for Education and Research\t\t\t<\/a>\n\t\t<\/h3>\n\t\t\t\t<\/div>\n\t\t\t\t<\/article>\n\t\t\t\t<article class=\"elementor-post elementor-grid-item post-1880 organisation type-organisation status-publish hentry categoria-organisation-reseaux-et-representations\" role=\"listitem\">\n\t\t\t\t<div class=\"elementor-post__text\">\n\t\t\t\t<h3 class=\"elementor-post__title\">\n\t\t\t<a href=\"https:\/\/clientes.w7agencia.com\/swissaccreditation\/organisation\/swiss-academic-dual-career-network\/\" >\n\t\t\t\tSwiss Academic Dual Career Network\t\t\t<\/a>\n\t\t<\/h3>\n\t\t\t\t<\/div>\n\t\t\t\t<\/article>\n\t\t\t\t<article class=\"elementor-post elementor-grid-item post-1884 organisation type-organisation status-publish hentry categoria-organisation-reseaux-et-representations\" role=\"listitem\">\n\t\t\t\t<div class=\"elementor-post__text\">\n\t\t\t\t<h3 class=\"elementor-post__title\">\n\t\t\t<a href=\"https:\/\/clientes.w7agencia.com\/swissaccreditation\/organisation\/international-relations-experts-group\/\" >\n\t\t\t\tInternational Relations Experts Group\t\t\t<\/a>\n\t\t<\/h3>\n\t\t\t\t<\/div>\n\t\t\t\t<\/article>\n\t\t\t\t<\/div>\n\t\t\n\t\t\t\t\t\t<\/div>\n\t\t\t\t<\/div>\n\t\t\t\t<\/div>\n\t\t<div class=\"elementor-element elementor-element-8326578 e-con-full e-flex e-con e-child\" data-id=\"8326578\" data-element_type=\"container\" data-e-type=\"container\">\n\t\t\t\t<div class=\"elementor-element elementor-element-51b7f01 elementor-widget elementor-widget-heading\" data-id=\"51b7f01\" data-element_type=\"widget\" data-e-type=\"widget\" data-widget_type=\"heading.default\">\n\t\t\t\t\t<h1 class=\"elementor-heading-title elementor-size-default\">Organes de la chambre des hautes \u00e9coles sp\u00e9cialis\u00e9es<\/h1>\t\t\t\t<\/div>\n\t\t\t\t<div class=\"elementor-element elementor-element-aa1b974 elementor-widget elementor-widget-text-editor\" data-id=\"aa1b974\" data-element_type=\"widget\" data-e-type=\"widget\" data-widget_type=\"text-editor.default\">\n\t\t\t\t\t\t\t\t\t<p>La chambre des hautes \u00e9coles sp\u00e9cialis\u00e9es recourt \u00e0 des commissions (enseignement, recherche et d\u00e9veloppement, finances et comptabilit\u00e9, qualit\u00e9 et accr\u00e9ditation, communication) ainsi que des groupes d&#8217;expert-e-s (\u00e9galit\u00e9 des chances, biblioth\u00e8ques HES et services informatiques) permanents pour \u00e9laborer des bases et des projets dans des domaines sp\u00e9cifiques.<\/p>\t\t\t\t\t\t\t\t<\/div>\n\t\t\t\t<div class=\"elementor-element elementor-element-1c07a53 elementor-widget elementor-widget-n-accordion\" data-id=\"1c07a53\" data-element_type=\"widget\" data-e-type=\"widget\" data-settings=\"{&quot;default_state&quot;:&quot;all_collapsed&quot;,&quot;max_items_expended&quot;:&quot;one&quot;,&quot;n_accordion_animation_duration&quot;:{&quot;unit&quot;:&quot;ms&quot;,&quot;size&quot;:400,&quot;sizes&quot;:[]}}\" data-widget_type=\"nested-accordion.default\">\n\t\t\t\t\t\t\t<div class=\"e-n-accordion\" aria-label=\"Accordion. Open links with Enter or Space, close with Escape, and navigate with Arrow Keys\">\n\t\t\t\t\t\t<details id=\"e-n-accordion-item-2930\" class=\"e-n-accordion-item\" >\n\t\t\t\t<summary class=\"e-n-accordion-item-title\" data-accordion-index=\"1\" tabindex=\"0\" aria-expanded=\"false\" aria-controls=\"e-n-accordion-item-2930\" >\n\t\t\t\t\t<span class='e-n-accordion-item-title-header'><div class=\"e-n-accordion-item-title-text\"> Commission Recherche et d\u00e9veloppement chambre HES <\/div><\/span>\n\t\t\t\t\t\t\t<span class='e-n-accordion-item-title-icon'>\n\t\t\t<span class='e-opened' ><svg xmlns=\"http:\/\/www.w3.org\/2000\/svg\" width=\"24\" height=\"24\" fill=\"currentColor\" viewBox=\"0 0 24 24\"><path d=\"M6.707 15.707a1 1 0 1 1-1.414-1.414l6-6a1 1 0 0 1 1.414 0l6 6a1 1 0 1 1-1.414 1.414L12 10.414l-5.293 5.293Z\"><\/path><\/svg><\/span>\n\t\t\t<span class='e-closed'><svg xmlns=\"http:\/\/www.w3.org\/2000\/svg\" width=\"24\" height=\"24\" fill=\"currentColor\" viewBox=\"0 0 24 24\"><path d=\"M17.293 8.293a1 1 0 1 1 1.414 1.414l-6 6a1 1 0 0 1-1.414 0l-6-6a1 1 0 1 1 1.414-1.414L12 13.586l5.293-5.293Z\"><\/path><\/svg><\/span>\n\t\t<\/span>\n\n\t\t\t\t\t\t<\/summary>\n\t\t\t\t<div role=\"region\" aria-labelledby=\"e-n-accordion-item-2930\" class=\"elementor-element elementor-element-8a6d130 e-con-full e-flex e-con e-child\" data-id=\"8a6d130\" data-element_type=\"container\" data-e-type=\"container\">\n\t\t\t\t<div class=\"elementor-element elementor-element-2538616 link elementor-widget elementor-widget-text-editor\" data-id=\"2538616\" data-element_type=\"widget\" data-e-type=\"widget\" data-widget_type=\"text-editor.default\">\n\t\t\t\t\t\t\t\t\t<h3>Membres<\/h3><ul><li>Christine Pirinoli, Vice-rectrice Recherche et Innovation, Haute Ecole Sp\u00e9cialis\u00e9e de Suisse occidentale, HES-SO, pr\u00e9sidente<\/li><li>Ulrike Zika, Leiterin Departement Entwicklung, Fachhochschule Graub\u00fcnden, FHGR, vice-pr\u00e9sidente<\/li><li>Beate B\u00f6ckem, Leiterin Gesch\u00e4ftsstelle Forschung, Z\u00fcrcher Hochschule der K\u00fcnste, ZHdK<\/li><li>Corina Caduff, Vizerektorin Forschung, Haute \u00e9cole sp\u00e9cialis\u00e9e bernoise, BFH<\/li><li>Christian Fichter, Leiter Forschung und Entwicklung, Kalaidos Haute Ecole Sp\u00e9cialis\u00e9e Suisse, Kalaidos<\/li><li>Andreas Gerber-Grote, Direktor Departement Gesundheit, Z\u00fcrcher Hochschule f\u00fcr Angewandte Wissenschaften, ZHAW<\/li><li>Ren\u00e9 H\u00fcsler, Leiter Digitale Entwicklungen &amp; Services, Hochschule Luzern, HSLU<\/li><li>Alberto Piatti, Direttore della ricerca, dello sviluppo e del trasferimento della conoscenza, Haute \u00e9cole sp\u00e9cialis\u00e9e de la Suisse italienne, SUPSI<\/li><li>Laurent Metzger, Leiter Kommission Forschung und Innovation, OST &#8211; Ostschweizer Fachhochschule<\/li><li>Falko Schlottig, Direktor Hochschule f\u00fcr Life Sciences, Fachhochschule Nordwestschweiz, FHNW<\/li><\/ul>\t\t\t\t\t\t\t\t<\/div>\n\t\t\t\t<\/div>\n\t\t\t\t\t<\/details>\n\t\t\t\t\t\t<details id=\"e-n-accordion-item-2931\" class=\"e-n-accordion-item\" >\n\t\t\t\t<summary class=\"e-n-accordion-item-title\" data-accordion-index=\"2\" tabindex=\"-1\" aria-expanded=\"false\" aria-controls=\"e-n-accordion-item-2931\" >\n\t\t\t\t\t<span class='e-n-accordion-item-title-header'><div class=\"e-n-accordion-item-title-text\"> Commission Qualit\u00e9 et accr\u00e9ditation de la chambre HES <\/div><\/span>\n\t\t\t\t\t\t\t<span class='e-n-accordion-item-title-icon'>\n\t\t\t<span class='e-opened' ><svg xmlns=\"http:\/\/www.w3.org\/2000\/svg\" width=\"24\" height=\"24\" fill=\"currentColor\" viewBox=\"0 0 24 24\"><path d=\"M6.707 15.707a1 1 0 1 1-1.414-1.414l6-6a1 1 0 0 1 1.414 0l6 6a1 1 0 1 1-1.414 1.414L12 10.414l-5.293 5.293Z\"><\/path><\/svg><\/span>\n\t\t\t<span class='e-closed'><svg xmlns=\"http:\/\/www.w3.org\/2000\/svg\" width=\"24\" height=\"24\" fill=\"currentColor\" viewBox=\"0 0 24 24\"><path d=\"M17.293 8.293a1 1 0 1 1 1.414 1.414l-6 6a1 1 0 0 1-1.414 0l-6-6a1 1 0 1 1 1.414-1.414L12 13.586l5.293-5.293Z\"><\/path><\/svg><\/span>\n\t\t<\/span>\n\n\t\t\t\t\t\t<\/summary>\n\t\t\t\t<div role=\"region\" aria-labelledby=\"e-n-accordion-item-2931\" class=\"elementor-element elementor-element-ee30600 e-con-full e-flex e-con e-child\" data-id=\"ee30600\" data-element_type=\"container\" data-e-type=\"container\">\n\t\t\t\t<div class=\"elementor-element elementor-element-0fcd1a1 link elementor-widget elementor-widget-text-editor\" data-id=\"0fcd1a1\" data-element_type=\"widget\" data-e-type=\"widget\" data-widget_type=\"text-editor.default\">\n\t\t\t\t\t\t\t\t\t<h3>Membres<\/h3><ul><li>Mich\u00e8le Graf Morgenthaler, Leiterin Akkreditierung und Qualit\u00e4tsentwicklung, Z\u00fcrcher Hochschule der K\u00fcnste, ZHdK, pr\u00e9sidente<\/li><li>Karin Hiltwein, Generalsekret\u00e4rin, Fachhochschule Nordwestschweiz, FHNW<\/li><li>Ruth Jochum-Gasser Leiterin Hochschulentwicklung &amp; Qualit\u00e4tsmanagement, Fachhochschule Graub\u00fcnden, FHGR<\/li><li>Fr\u00e9d\u00e9ric Joye-Cagnard, Chef du service d&#8217;aide au pilotage (SAP), Haute Ecole Sp\u00e9cialis\u00e9e de Suisse occidentale, HES-SO<\/li><li>Marcel Schmid, Leiter Qualit\u00e4t &amp; Akkreditierung, Kalaidos Haute Ecole Sp\u00e9cialis\u00e9e Suisse, Kalaidos<\/li><li>Hansj\u00f6rg Schneider, Hochschulentwicklung Senior Quality Manager, OST &#8211; Ostschweizer Fachhochschule<\/li><li>Katharina Sommer-von Sch\u00f6nberg, Leiterin Qualit\u00e4tsentwicklung, Z\u00fcrcher Hochschule f\u00fcr Angewandte Wissenschaften, ZHAW<\/li><li>Thomas Tommasini, Responsabile del servizio qualit\u00e0, Haute \u00e9cole sp\u00e9cialis\u00e9e de la Suisse italienne, SUPSI<\/li><li>Daniela Wolff, Leiterin Qualit\u00e4tsentwicklung, Hochschule Luzern, HSLU<\/li><li>Sara Wyler, Qualit\u00e4tsbeauftragte, Haute \u00e9cole sp\u00e9cialis\u00e9e bernoise, BFH<\/li><\/ul>\t\t\t\t\t\t\t\t<\/div>\n\t\t\t\t<\/div>\n\t\t\t\t\t<\/details>\n\t\t\t\t\t\t<details id=\"e-n-accordion-item-2932\" class=\"e-n-accordion-item\" >\n\t\t\t\t<summary class=\"e-n-accordion-item-title\" data-accordion-index=\"3\" tabindex=\"-1\" aria-expanded=\"false\" aria-controls=\"e-n-accordion-item-2932\" >\n\t\t\t\t\t<span class='e-n-accordion-item-title-header'><div class=\"e-n-accordion-item-title-text\"> Commission Enseignement de la chambre HES <\/div><\/span>\n\t\t\t\t\t\t\t<span class='e-n-accordion-item-title-icon'>\n\t\t\t<span class='e-opened' ><svg xmlns=\"http:\/\/www.w3.org\/2000\/svg\" width=\"24\" height=\"24\" fill=\"currentColor\" viewBox=\"0 0 24 24\"><path d=\"M6.707 15.707a1 1 0 1 1-1.414-1.414l6-6a1 1 0 0 1 1.414 0l6 6a1 1 0 1 1-1.414 1.414L12 10.414l-5.293 5.293Z\"><\/path><\/svg><\/span>\n\t\t\t<span class='e-closed'><svg xmlns=\"http:\/\/www.w3.org\/2000\/svg\" width=\"24\" height=\"24\" fill=\"currentColor\" viewBox=\"0 0 24 24\"><path d=\"M17.293 8.293a1 1 0 1 1 1.414 1.414l-6 6a1 1 0 0 1-1.414 0l-6-6a1 1 0 1 1 1.414-1.414L12 13.586l5.293-5.293Z\"><\/path><\/svg><\/span>\n\t\t<\/span>\n\n\t\t\t\t\t\t<\/summary>\n\t\t\t\t<div role=\"region\" aria-labelledby=\"e-n-accordion-item-2932\" class=\"elementor-element elementor-element-138df8e e-con-full e-flex e-con e-child\" data-id=\"138df8e\" data-element_type=\"container\" data-e-type=\"container\">\n\t\t\t\t<div class=\"elementor-element elementor-element-7d30f41 link elementor-widget elementor-widget-text-editor\" data-id=\"7d30f41\" data-element_type=\"widget\" data-e-type=\"widget\" data-widget_type=\"text-editor.default\">\n\t\t\t\t\t\t\t\t\t<h3>Membres<\/h3><ul><li>Ren\u00e9 Graf, Vice-recteur Enseignement, Fachhochschule Westschweiz, HES-SO, pr\u00e9sident<\/li><li>Philipp Bachmann, Leiter Institut f\u00fcr Management und Weiterbildung, Fachhochschule Graub\u00fcnden, FHGR<\/li><li>Andreas Breitenmoser, Prorektor Lehre des Departements Wirtschaft, Kalaidos Fachhochschule Schweiz, Kalaidos<\/li><li>Laurent Dutoit, Adjoint Enseignement, Fachhochschule Westschweiz, HES-SO<\/li><li>Agn\u00e8s Fritze, Direktorin Hochschule f\u00fcr Soziale Arbeit und Leiterin Ressort Weiterbildung, Fachhochschule Nordwestschweiz, FHNW<\/li><li>J\u00f6rg Haslbeck, Prorektor Lehre an der Careum Hochschule Gesundheit, Kalaidos Fachhochschule Schweiz, Kalaidos<\/li><li>Jacqueline Holzer, Direktorin Departement Design Film Kunst, Hochschule Luzern, HSLU<\/li><li>Patrick Hunger, Stabsleitung Ressort Bildung, Z\u00fcrcher Hochschule f\u00fcr Angewandte Wissenschaften, ZHAW<\/li><li>Stefan Joller, Vizepr\u00e4sident Hochschulentwicklung, Fachhochschule Nordwestschweiz, FHNW<\/li><li>Hansuli Matter, Direktor Departement Design, Z\u00fcrcher Hochschule der K\u00fcnste, ZHdK<\/li><li>Sybille Minder Hochreutener, Leiterin Fachabteilung Interdisziplin\u00e4re Querschnittsthemen, OST &#8211; Ostschweizer Fachhochschule<\/li><li>Erik Nagel, Vizedirektor und Ressortleiter Weiterbildung Departement Wirtschaft, Leiter IBR, Hochschule Luzern, HSLU<\/li><li>Alberto Piatti, Direttore della Formazione continua, Fachhochschule S\u00fcdschweiz, SUPSI<\/li><li>Armando Sch\u00e4r, Prorektor, Fachhochschule Graub\u00fcnden, FHGR<\/li><li>Jochen Schellinger, Vizerektor Lehre, Berner Fachhochschule, BFH<\/li><li>Martin Schopfer, Leiter Fachstelle Weiterbildung, Berner Fachhochschule, BFH<\/li><li>Reto Steiner, Direktor der School of Management and Law, Z\u00fcrcher Hochschule f\u00fcr Angewandte Wissenschaften, ZHAW<\/li><li>Regula Stibi, Leiterin Zentrum Weiterbildung, Z\u00fcrcher Hochschule der K\u00fcnste, ZHdK<\/li><li>Birgit Vosseler, Leiterin Departement Gesundheit, OST &#8211; Ostschweizer Fachhochschule<\/li><li>Daniela Willi-Piezzi, Direttrice della Formazione di base, Fachhochschule S\u00fcdschweiz, SUPSI<\/li><\/ul><h3>Invit\u00e9 permanent<\/h3><ul><li>Ivan Ballerini, Vorstandsmitglied Verband der Schweizer Studierendenschaften VSS<\/li><\/ul>\t\t\t\t\t\t\t\t<\/div>\n\t\t\t\t<\/div>\n\t\t\t\t\t<\/details>\n\t\t\t\t\t\t<details id=\"e-n-accordion-item-2933\" class=\"e-n-accordion-item\" >\n\t\t\t\t<summary class=\"e-n-accordion-item-title\" data-accordion-index=\"4\" tabindex=\"-1\" aria-expanded=\"false\" aria-controls=\"e-n-accordion-item-2933\" >\n\t\t\t\t\t<span class='e-n-accordion-item-title-header'><div class=\"e-n-accordion-item-title-text\"> Commission Communication de la chambre HES <\/div><\/span>\n\t\t\t\t\t\t\t<span class='e-n-accordion-item-title-icon'>\n\t\t\t<span class='e-opened' ><svg xmlns=\"http:\/\/www.w3.org\/2000\/svg\" width=\"24\" height=\"24\" fill=\"currentColor\" viewBox=\"0 0 24 24\"><path d=\"M6.707 15.707a1 1 0 1 1-1.414-1.414l6-6a1 1 0 0 1 1.414 0l6 6a1 1 0 1 1-1.414 1.414L12 10.414l-5.293 5.293Z\"><\/path><\/svg><\/span>\n\t\t\t<span class='e-closed'><svg xmlns=\"http:\/\/www.w3.org\/2000\/svg\" width=\"24\" height=\"24\" fill=\"currentColor\" viewBox=\"0 0 24 24\"><path d=\"M17.293 8.293a1 1 0 1 1 1.414 1.414l-6 6a1 1 0 0 1-1.414 0l-6-6a1 1 0 1 1 1.414-1.414L12 13.586l5.293-5.293Z\"><\/path><\/svg><\/span>\n\t\t<\/span>\n\n\t\t\t\t\t\t<\/summary>\n\t\t\t\t<div role=\"region\" aria-labelledby=\"e-n-accordion-item-2933\" class=\"elementor-element elementor-element-d9b6f4a e-con-full e-flex e-con e-child\" data-id=\"d9b6f4a\" data-element_type=\"container\" data-e-type=\"container\">\n\t\t\t\t<div class=\"elementor-element elementor-element-adf8e65 link elementor-widget elementor-widget-text-editor\" data-id=\"adf8e65\" data-element_type=\"widget\" data-e-type=\"widget\" data-widget_type=\"text-editor.default\">\n\t\t\t\t\t\t\t\t\t<h3>Membres<\/h3><ul><li>Rina Corti Santini, Leiterin der institutionellen Kommunikation, Haute \u00e9cole sp\u00e9cialis\u00e9e de la Suisse italienne, SUPSI, co-pr\u00e9sidente<\/li><li>Flurina Simeon, Leiterin Hochschulkommunikation, Fachhochschule Graub\u00fcnden, FHGR, co-pr\u00e9sidente<\/li><li>C\u00e9dric Adrover, Responsable Communication, Haute Ecole Sp\u00e9cialis\u00e9e de Suisse occidentale, HES-SO<\/li><li>Sigrid Cariola, Leiterin Newsroom &amp; Unternehmenskommunikation, Hochschule Luzern, HSLU<\/li><li>Andrea Hopmann, Leiterin Corporate Communications, Z\u00fcrcher Hochschule f\u00fcr Angewandte Wissenschaften, ZHAW<\/li><li>Andrea Joos, Leiterin Hochschulkommunikation, Z\u00fcrcher Hochschule der K\u00fcnste, ZHdK<\/li><li>Dominik Lehmann, Leiter Kommunikation, Fachhochschule Nordwestschweiz, FHNW<\/li><li>Willi Meissner, Leiter Kommunikation, OST &#8211; Ostschweizer Fachhochschule<\/li><li>Robert Reinecke, Leiter Kommunikation Rektorat, Haute \u00e9cole sp\u00e9cialis\u00e9e bernoise, BFH<\/li><\/ul>\t\t\t\t\t\t\t\t<\/div>\n\t\t\t\t<\/div>\n\t\t\t\t\t<\/details>\n\t\t\t\t\t\t<details id=\"e-n-accordion-item-2934\" class=\"e-n-accordion-item\" >\n\t\t\t\t<summary class=\"e-n-accordion-item-title\" data-accordion-index=\"5\" tabindex=\"-1\" aria-expanded=\"false\" aria-controls=\"e-n-accordion-item-2934\" >\n\t\t\t\t\t<span class='e-n-accordion-item-title-header'><div class=\"e-n-accordion-item-title-text\"> Commission Finance et comptabilit\u00e9 de la chambre HES <\/div><\/span>\n\t\t\t\t\t\t\t<span class='e-n-accordion-item-title-icon'>\n\t\t\t<span class='e-opened' ><svg xmlns=\"http:\/\/www.w3.org\/2000\/svg\" width=\"24\" height=\"24\" fill=\"currentColor\" viewBox=\"0 0 24 24\"><path d=\"M6.707 15.707a1 1 0 1 1-1.414-1.414l6-6a1 1 0 0 1 1.414 0l6 6a1 1 0 1 1-1.414 1.414L12 10.414l-5.293 5.293Z\"><\/path><\/svg><\/span>\n\t\t\t<span class='e-closed'><svg xmlns=\"http:\/\/www.w3.org\/2000\/svg\" width=\"24\" height=\"24\" fill=\"currentColor\" viewBox=\"0 0 24 24\"><path d=\"M17.293 8.293a1 1 0 1 1 1.414 1.414l-6 6a1 1 0 0 1-1.414 0l-6-6a1 1 0 1 1 1.414-1.414L12 13.586l5.293-5.293Z\"><\/path><\/svg><\/span>\n\t\t<\/span>\n\n\t\t\t\t\t\t<\/summary>\n\t\t\t\t<div role=\"region\" aria-labelledby=\"e-n-accordion-item-2934\" class=\"elementor-element elementor-element-f142d29 e-con-full e-flex e-con e-child\" data-id=\"f142d29\" data-element_type=\"container\" data-e-type=\"container\">\n\t\t\t\t<div class=\"elementor-element elementor-element-3281a53 link elementor-widget elementor-widget-text-editor\" data-id=\"3281a53\" data-element_type=\"widget\" data-e-type=\"widget\" data-widget_type=\"text-editor.default\">\n\t\t\t\t\t\t\t\t\t<h3>Membres<\/h3><ul><li>Felix M\u00e4der, Verwaltungsdirektor, Haute \u00e9cole sp\u00e9cialis\u00e9e bernoise, BFH, pr\u00e9sident<\/li><li>Flavio Gl\u00e4ser, Abteilungsleiter Finanzen und Controlling, Fachhochschule Nordwestschweiz, FHNW, vice-pr\u00e9sident<\/li><li>Arno Arpagaus, Verwaltungsdirektor, Fachhochschule Graub\u00fcnden, FHGR<\/li><li>Monique Astre, Directrice financi\u00e8re, Haute Ecole Sp\u00e9cialis\u00e9e de Suisse occidentale, HES-SO<\/li><li>Michael Bischofberger, Leiter Finanzen &amp; Controlling, Z\u00fcrcher Hochschule f\u00fcr Angewandte Wissenschaften, ZHAW<\/li><li>Mathias Hirschi, Leiter Finanzen, Hochschule Luzern, HSLU<\/li><li>Carlo H\u00f6hener, Verwaltungsdirektor, OST &#8211; Ostschweizer Fachhochschule<\/li><li>Alessia Neviani, Responsabile Servizio finanze e controlling, Haute \u00e9cole sp\u00e9cialis\u00e9e de la Suisse italienne, SUPSI<\/li><li>Stefan Weinmann, Leiter Finanzen und Controlling, Z\u00fcrcher Hochschule der K\u00fcnste, ZHdK<\/li><\/ul><h3>Invit\u00e9s permanents<\/h3><ul><li>Mehmet Aks\u00f6zen, Bundesamt f\u00fcr Statistik BFS<\/li><li>Francis Kaeser, Leiter Koordinationsbereich Finanzierung, Schweizerische Konferenz der kantonalen Erziehungsdirektoren EDK<\/li><li>Tja\u0161a Maillard-Bjedov, Ressortleiterin Grund- und Projektbeitr\u00e4ge Hochschulen, Staatssekretariat f\u00fcr Bildung, Forschung und Innovation SBFI<\/li><li>Diego Nell, Staatssekretariat f\u00fcr Bildung, Forschung und Innovation SBFI<\/li><\/ul>\t\t\t\t\t\t\t\t<\/div>\n\t\t\t\t<\/div>\n\t\t\t\t\t<\/details>\n\t\t\t\t\t<\/div>\n\t\t\t\t\t\t<\/div>\n\t\t\t\t<\/div>\n\t\t<div class=\"elementor-element elementor-element-d827470 e-con-full e-flex e-con e-child\" data-id=\"d827470\" data-element_type=\"container\" data-e-type=\"container\" data-settings=\"{&quot;sticky&quot;:&quot;top&quot;,&quot;sticky_on&quot;:[&quot;desktop&quot;,&quot;laptop&quot;],&quot;sticky_offset&quot;:16,&quot;sticky_parent&quot;:&quot;yes&quot;,&quot;sticky_effects_offset&quot;:0,&quot;sticky_anchor_link_offset&quot;:0}\">\n\t\t\t\t<div class=\"elementor-element elementor-element-b20cecf elementor-widget elementor-widget-n-accordion\" data-id=\"b20cecf\" data-element_type=\"widget\" data-e-type=\"widget\" data-settings=\"{&quot;default_state&quot;:&quot;all_collapsed&quot;,&quot;max_items_expended&quot;:&quot;one&quot;,&quot;n_accordion_animation_duration&quot;:{&quot;unit&quot;:&quot;ms&quot;,&quot;size&quot;:400,&quot;sizes&quot;:[]}}\" data-widget_type=\"nested-accordion.default\">\n\t\t\t\t\t\t\t<div class=\"e-n-accordion\" aria-label=\"Accordion. Open links with Enter or Space, close with Escape, and navigate with Arrow Keys\">\n\t\t\t\t\t\t<details id=\"e-n-accordion-item-1860\" class=\"e-n-accordion-item\" >\n\t\t\t\t<summary class=\"e-n-accordion-item-title\" data-accordion-index=\"1\" tabindex=\"0\" aria-expanded=\"false\" aria-controls=\"e-n-accordion-item-1860\" >\n\t\t\t\t\t<span class='e-n-accordion-item-title-header'><div class=\"e-n-accordion-item-title-text\"> Contact <\/div><\/span>\n\t\t\t\t\t\t\t<span class='e-n-accordion-item-title-icon'>\n\t\t\t<span class='e-opened' ><svg xmlns=\"http:\/\/www.w3.org\/2000\/svg\" width=\"24\" height=\"24\" fill=\"currentColor\" viewBox=\"0 0 24 24\"><path d=\"M6.707 15.707a1 1 0 1 1-1.414-1.414l6-6a1 1 0 0 1 1.414 0l6 6a1 1 0 1 1-1.414 1.414L12 10.414l-5.293 5.293Z\"><\/path><\/svg><\/span>\n\t\t\t<span class='e-closed'><svg xmlns=\"http:\/\/www.w3.org\/2000\/svg\" width=\"24\" height=\"24\" fill=\"currentColor\" viewBox=\"0 0 24 24\"><path d=\"M17.293 8.293a1 1 0 1 1 1.414 1.414l-6 6a1 1 0 0 1-1.414 0l-6-6a1 1 0 1 1 1.414-1.414L12 13.586l5.293-5.293Z\"><\/path><\/svg><\/span>\n\t\t<\/span>\n\n\t\t\t\t\t\t<\/summary>\n\t\t\t\t<div role=\"region\" aria-labelledby=\"e-n-accordion-item-1860\" class=\"elementor-element elementor-element-73ba20c e-con-full e-flex e-con e-child\" data-id=\"73ba20c\" data-element_type=\"container\" data-e-type=\"container\">\n\t\t\t\t<div class=\"elementor-element elementor-element-30a168e elementor-widget elementor-widget-text-editor\" data-id=\"30a168e\" data-element_type=\"widget\" data-e-type=\"widget\" data-widget_type=\"text-editor.default\">\n\t\t\t\t\t\t\t\t\t<p><strong>Etienne Dayer<\/strong><br \/>Responsable de la Chambre des hautes \u00e9coles sp\u00e9cialis\u00e9es<br \/>+41 31 335 07 31<br \/><a href=\"https:\/\/www.swissuniversities.ch\/fr\/organisation\/organes\/chambre-des-hautes-ecoles-specialisees\/membres#\" target=\"_blank\" rel=\"noopener\">Mail<\/a><\/p>\t\t\t\t\t\t\t\t<\/div>\n\t\t\t\t<\/div>\n\t\t\t\t\t<\/details>\n\t\t\t\t\t<\/div>\n\t\t\t\t\t\t<\/div>\n\t\t\t\t<\/div>\n\t\t\t\t\t<\/div>\n\t\t\t\t<\/div>\n\t\t\t\t<\/div>\n\t\t","protected":false},"template":"","meta":{"_links_to":"","_links_to_target":""},"categoria-organisation":[42,38],"class_list":["post-1709","organisation","type-organisation","status-publish","hentry","categoria-organisation-chambre-des-hautes-ecoles-specialisees","categoria-organisation-organes"],"ase":null,"_links":{"self":[{"href":"https:\/\/clientes.w7agencia.com\/swissaccreditation\/wp-json\/wp\/v2\/organisation\/1709","targetHints":{"allow":["GET"]}}],"collection":[{"href":"https:\/\/clientes.w7agencia.com\/swissaccreditation\/wp-json\/wp\/v2\/organisation"}],"about":[{"href":"https:\/\/clientes.w7agencia.com\/swissaccreditation\/wp-json\/wp\/v2\/types\/organisation"}],"version-history":[{"count":0,"href":"https:\/\/clientes.w7agencia.com\/swissaccreditation\/wp-json\/wp\/v2\/organisation\/1709\/revisions"}],"wp:attachment":[{"href":"https:\/\/clientes.w7agencia.com\/swissaccreditation\/wp-json\/wp\/v2\/media?parent=1709"}],"wp:term":[{"taxonomy":"categoria-organisation","embeddable":true,"href":"https:\/\/clientes.w7agencia.com\/swissaccreditation\/wp-json\/wp\/v2\/categoria-organisation?post=1709"}],"curies":[{"name":"wp","href":"https:\/\/api.w.org\/{rel}","templated":true}]}}