{"id":1636,"date":"2026-06-12T21:24:50","date_gmt":"2026-06-13T00:24:50","guid":{"rendered":"https:\/\/clientes.w7agencia.com\/swissaccreditation\/?post_type=organisation&#038;p=1636"},"modified":"2026-06-16T10:31:36","modified_gmt":"2026-06-16T13:31:36","slug":"membres","status":"publish","type":"organisation","link":"https:\/\/clientes.w7agencia.com\/swissaccreditation\/organisation\/membres\/","title":{"rendered":"Membres"},"content":{"rendered":"\t\t<div data-elementor-type=\"wp-post\" data-elementor-id=\"1636\" class=\"elementor elementor-1636\" data-elementor-post-type=\"organisation\">\n\t\t\t\t<div class=\"elementor-element elementor-element-bcd4c50 e-flex e-con-boxed e-con e-parent\" data-id=\"bcd4c50\" data-element_type=\"container\" data-e-type=\"container\">\n\t\t\t\t\t<div class=\"e-con-inner\">\n\t\t\t\t<div class=\"elementor-element elementor-element-78ea205 elementor-widget elementor-widget-breadcrumbs\" data-id=\"78ea205\" data-element_type=\"widget\" data-e-type=\"widget\" data-widget_type=\"breadcrumbs.default\">\n\t\t\t\t<div class=\"elementor-widget-container\">\n\t\t\t\t\t<nav><span class=\"last\">Commencer<\/span><\/nav>\t\t\t\t<\/div>\n\t\t\t\t<\/div>\n\t\t\t\t\t<\/div>\n\t\t\t\t<\/div>\n\t\t<div class=\"elementor-element elementor-element-08a75c4 e-flex e-con-boxed e-con e-parent\" data-id=\"08a75c4\" data-element_type=\"container\" data-e-type=\"container\">\n\t\t\t\t\t<div class=\"e-con-inner\">\n\t\t<div class=\"elementor-element elementor-element-6af0349 e-con-full elementor-hidden-mobile e-flex e-con e-child\" data-id=\"6af0349\" data-element_type=\"container\" data-e-type=\"container\" data-settings=\"{&quot;sticky&quot;:&quot;top&quot;,&quot;sticky_on&quot;:[&quot;desktop&quot;,&quot;laptop&quot;],&quot;sticky_offset&quot;:16,&quot;sticky_parent&quot;:&quot;yes&quot;,&quot;sticky_effects_offset&quot;:0,&quot;sticky_anchor_link_offset&quot;:0}\">\n\t\t\t\t<div class=\"elementor-element elementor-element-8bf0067 elementor-widget elementor-widget-heading\" data-id=\"8bf0067\" data-element_type=\"widget\" data-e-type=\"widget\" data-widget_type=\"heading.default\">\n\t\t\t\t\t<h2 class=\"elementor-heading-title elementor-size-default\">Membres<\/h2>\t\t\t\t<\/div>\n\t\t\t\t<div class=\"elementor-element elementor-element-1bc025f elementor-grid-1 elementor-posts--thumbnail-none elementor-hidden-desktop elementor-hidden-laptop elementor-hidden-tablet elementor-hidden-mobile elementor-grid-tablet-2 elementor-grid-mobile-1 elementor-widget elementor-widget-posts\" data-id=\"1bc025f\" data-element_type=\"widget\" data-e-type=\"widget\" data-settings=\"{&quot;classic_columns&quot;:&quot;1&quot;,&quot;classic_row_gap&quot;:{&quot;unit&quot;:&quot;px&quot;,&quot;size&quot;:10,&quot;sizes&quot;:[]},&quot;classic_columns_tablet&quot;:&quot;2&quot;,&quot;classic_columns_mobile&quot;:&quot;1&quot;,&quot;classic_row_gap_laptop&quot;:{&quot;unit&quot;:&quot;px&quot;,&quot;size&quot;:&quot;&quot;,&quot;sizes&quot;:[]},&quot;classic_row_gap_tablet&quot;:{&quot;unit&quot;:&quot;px&quot;,&quot;size&quot;:&quot;&quot;,&quot;sizes&quot;:[]},&quot;classic_row_gap_mobile&quot;:{&quot;unit&quot;:&quot;px&quot;,&quot;size&quot;:&quot;&quot;,&quot;sizes&quot;:[]}}\" data-widget_type=\"posts.classic\">\n\t\t\t\t<div class=\"elementor-widget-container\">\n\t\t\t\t\t\t\t<div class=\"elementor-posts-container elementor-posts elementor-posts--skin-classic elementor-grid\" role=\"list\">\n\t\t\t\t<article class=\"elementor-post elementor-grid-item post-1082 themes type-themes status-publish hentry categoria-theme-politique-des-hautes-ecoles\" role=\"listitem\">\n\t\t\t\t<div class=\"elementor-post__text\">\n\t\t\t\t<h3 class=\"elementor-post__title\">\n\t\t\t<a href=\"https:\/\/clientes.w7agencia.com\/swissaccreditation\/themes\/politique-des-hautes-ecoles\/\" >\n\t\t\t\tStrat\u00e9gie et planification\t\t\t<\/a>\n\t\t<\/h3>\n\t\t\t\t<\/div>\n\t\t\t\t<\/article>\n\t\t\t\t<article class=\"elementor-post elementor-grid-item post-1164 themes type-themes status-publish hentry categoria-theme-politique-des-hautes-ecoles\" role=\"listitem\">\n\t\t\t\t<div class=\"elementor-post__text\">\n\t\t\t\t<h3 class=\"elementor-post__title\">\n\t\t\t<a href=\"https:\/\/clientes.w7agencia.com\/swissaccreditation\/themes\/financement\/\" >\n\t\t\t\tFinancement\t\t\t<\/a>\n\t\t<\/h3>\n\t\t\t\t<\/div>\n\t\t\t\t<\/article>\n\t\t\t\t<article class=\"elementor-post elementor-grid-item post-1171 themes type-themes status-publish hentry categoria-theme-politique-des-hautes-ecoles\" role=\"listitem\">\n\t\t\t\t<div class=\"elementor-post__text\">\n\t\t\t\t<h3 class=\"elementor-post__title\">\n\t\t\t<a href=\"https:\/\/clientes.w7agencia.com\/swissaccreditation\/themes\/issue-management\/\" >\n\t\t\t\tIssue Management\t\t\t<\/a>\n\t\t<\/h3>\n\t\t\t\t<\/div>\n\t\t\t\t<\/article>\n\t\t\t\t<article class=\"elementor-post elementor-grid-item post-1176 themes type-themes status-publish hentry categoria-theme-politique-des-hautes-ecoles\" role=\"listitem\">\n\t\t\t\t<div class=\"elementor-post__text\">\n\t\t\t\t<h3 class=\"elementor-post__title\">\n\t\t\t<a href=\"https:\/\/clientes.w7agencia.com\/swissaccreditation\/themes\/qualite-et-accreditation\/\" >\n\t\t\t\tQualit\u00e9 et accr\u00e9ditation\t\t\t<\/a>\n\t\t<\/h3>\n\t\t\t\t<\/div>\n\t\t\t\t<\/article>\n\t\t\t\t<\/div>\n\t\t\n\t\t\t\t\t\t<\/div>\n\t\t\t\t<\/div>\n\t\t\t\t<\/div>\n\t\t<div class=\"elementor-element elementor-element-8326578 e-con-full e-flex e-con e-child\" data-id=\"8326578\" data-element_type=\"container\" data-e-type=\"container\">\n\t\t\t\t<div class=\"elementor-element elementor-element-51b7f01 elementor-widget elementor-widget-heading\" data-id=\"51b7f01\" data-element_type=\"widget\" data-e-type=\"widget\" data-widget_type=\"heading.default\">\n\t\t\t\t\t<h1 class=\"elementor-heading-title elementor-size-default\">Membres<\/h1>\t\t\t\t<\/div>\n\t\t\t\t<div class=\"elementor-element elementor-element-aa1b974 elementor-widget elementor-widget-text-editor\" data-id=\"aa1b974\" data-element_type=\"widget\" data-e-type=\"widget\" data-widget_type=\"text-editor.default\">\n\t\t\t\t\t\t\t\t\t<p>Les membres de la Conf\u00e9rence des rectrices et recteurs sont les hautes \u00e9coles suivantes, sur la base de l\u2019art. 2 al. 2 et 4, de l\u2019art. 19 al. 2, de l\u2019art. 30 et de l\u2019art. 75 LEHE:<\/p><p>\u2022 <a href=\"https:\/\/www.bfh.ch\/fr\/\" target=\"_blank\" rel=\"noopener\">Haute \u00e9cole sp\u00e9cialis\u00e9e bernoise,<\/a>\u00a0BFH,<br \/>repr\u00e9sent\u00e9e par son recteur Prof. Dr Sebastian W\u00f6rwag;<\/p><p>\u2022 <a href=\"https:\/\/www.epfl.ch\/fr\/\" target=\"_blank\" rel=\"noopener\">Ecole polytechnique f\u00e9d\u00e9rale de Lausanne<\/a>, EPFL,<br \/>repr\u00e9sent\u00e9e par sa pr\u00e9sidente Prof. Dr Anna Fontcuberta i Morral;<\/p><p>\u2022 <a href=\"https:\/\/www.hefp.swiss\/\" target=\"_blank\" rel=\"noopener\">Haute \u00e9cole f\u00e9d\u00e9rale en formation professionnelle<\/a>, HEFP,<br \/>repr\u00e9sent\u00e9e par sa\u00a0directrice\u00a0Dr Barbara Fontanellaz;<\/p><p>\u2022 <a href=\"https:\/\/ethz.ch\/de.html\" target=\"_blank\" rel=\"noopener\">Eidgen\u00f6ssische Technische Hochschule Z\u00fcrich<\/a>, ETH Z\u00fcrich,<br \/>repr\u00e9sent\u00e9e par son pr\u00e9sident Prof. Dr Jo\u00ebl Mesot;<\/p><p>\u2022 <a href=\"https:\/\/www.fhgr.ch\/\" target=\"_blank\" rel=\"noopener\">Fachhochschule Graub\u00fcnden,<\/a>\u00a0FHGR,<br \/>repr\u00e9sent\u00e9e par son recteur, Prof. Dr. Gian-Paolo Curcio;<\/p><p>\u2022 <a href=\"https:\/\/www.fhnw.ch\/de\" target=\"_blank\" rel=\"noopener\">Fachhochschule Nordwestschweiz<\/a>, FHNW,<br \/>repr\u00e9sent\u00e9e par son pr\u00e9sident de direction Prof. Dr Crispino Bergamaschi;<\/p><p>\u2022 <a href=\"http:\/\/www.supsi.ch\/\" target=\"_blank\" rel=\"noopener\">Haute \u00e9cole sp\u00e9cialis\u00e9e de la Suisse italienne<\/a>, SUPSI,<br \/>repr\u00e9sent\u00e9e par son directeur g\u00e9n\u00e9ral Prof. Franco Gervasoni;<\/p><p>\u2022 <a href=\"http:\/\/www.hes-so.ch\/\" target=\"_blank\" rel=\"noopener\">Haute Ecole Sp\u00e9cialis\u00e9e de Suisse occidentale<\/a>, HES-SO,<br \/>repr\u00e9sent\u00e9e par sa rectrice Dr Luciana Vaccaro;<\/p><p>\u2022 <a href=\"http:\/\/www.hep-bejune.ch\/\" target=\"_blank\" rel=\"noopener\">Haute \u00c9cole p\u00e9dagogique des cantons de Berne, du Jura et de Neuch\u00e2tel<\/a>, HEP-BEJUNE, repr\u00e9sent\u00e9e par son recteur Prof. Dr Maxime Zuber;<\/p><p>\u2022 <a href=\"http:\/\/www.hepl.ch\/\" target=\"_blank\" rel=\"noopener\">Haute Ecole p\u00e9dagogique Vaud<\/a>, HEP Vaud,<br \/>repr\u00e9sent\u00e9e par son recteur Prof. Dr Thierry Dias;<\/p><p>\u2022 <a href=\"http:\/\/www.hslu.ch\/\" target=\"_blank\" rel=\"noopener\">Hochschule Luzern<\/a>, HSLU,<br \/>repr\u00e9sent\u00e9e par sa\u00a0rectrice Prof. Dr Barbara Bader;<\/p><p>\u2022 <a href=\"https:\/\/www.hfh.ch\/\" target=\"_blank\" rel=\"noopener\">Interkantonale Hochschule f\u00fcr Heilp\u00e4dagogik<\/a>, HfH,<br \/>repr\u00e9sent\u00e9e par sa rectrice Prof. Dr Barbara F\u00e4h;<\/p><p>\u2022 <a href=\"https:\/\/www.kalaidos-fh.ch\/fr-CH\/\" target=\"_blank\" rel=\"noopener\">Kalaidos Haute Ecole Sp\u00e9cialis\u00e9e Suisse<\/a>, Kalaidos,<br \/>repr\u00e9sent\u00e9e par son recteur Prof. Dr Jos\u00e9 Gomez;<\/p><p>\u2022 <a href=\"https:\/\/www.ost.ch\/\" target=\"_blank\" rel=\"noopener\">OST &#8211; Ostschweizer Fachhochschule<\/a>,<br \/>repr\u00e9sent\u00e9e par son\u00a0recteur Prof. Dr Daniel Seelhofer;<\/p><p>\u2022 <a href=\"https:\/\/www.phbern.ch\/\" target=\"_blank\" rel=\"noopener\">P\u00e4dagogische Hochschule Bern<\/a>, PHBern,<br \/>repr\u00e9sent\u00e9e par son recteur Prof. Dr Martin Sch\u00e4fer;<\/p><p>\u2022 <a href=\"http:\/\/www.phgr.ch\/\" target=\"_blank\" rel=\"noopener\">P\u00e4dagogische Hochschule Graub\u00fcnden<\/a>, PHGR,<br \/>repr\u00e9sent\u00e9e par son recteur Dr. Reto Givel;<\/p><p>\u2022 <a href=\"http:\/\/www.phlu.ch\/home\/\" target=\"_blank\" rel=\"noopener\">P\u00e4dagogische Hochschule Luzern<\/a>, PH Luzern,<br \/>repr\u00e9sent\u00e9e par sa rectrice Prof. Dr Kathrin Krammer;<\/p><p>\u2022 <a href=\"http:\/\/www.phsh.ch\/\" target=\"_blank\" rel=\"noopener\">P\u00e4dagogische Hochschule Schaffhausen<\/a>, PHSH,<br \/>repr\u00e9sent\u00e9 par son recteur Prof. Dr\u00a0Thomas Hermann;<\/p><p>\u2022 <a href=\"http:\/\/www.phsz.ch\/\" target=\"_blank\" rel=\"noopener\">P\u00e4dagogische Hochschule Schwyz<\/a>, PHSZ,<br \/>repr\u00e9sent\u00e9e par sa rectrice Prof. Dr Kathrin Futter;<\/p><p>\u2022 <a href=\"http:\/\/www.phsg.ch\/\" target=\"_blank\" rel=\"noopener\">Haute \u00c9cole p\u00e9dagogique de Saint-Gall<\/a>, PHSG,<br \/>repr\u00e9sent\u00e9 par son recteur Prof. Dr Horst Biedermann;<\/p><p>\u2022 <a href=\"http:\/\/www.phtg.ch\/\" target=\"_blank\" rel=\"noopener\">P\u00e4dagogische Hochschule Thurgau<\/a>, PHTG,<br \/>repr\u00e9sent\u00e9e par sa rectrice Prof. Dr Sabina Larcher;<\/p><p>\u2022 <a href=\"https:\/\/hepvs.ch\/\" target=\"_blank\" rel=\"noopener\">Haute Ecole p\u00e9dagogique du Valais<\/a>, HEP-VS,<br \/>repr\u00e9sent\u00e9e par son directeur Fabio Di Giacomo;<\/p><p>\u2022 <a href=\"http:\/\/www.phzg.ch\/\" target=\"_blank\" rel=\"noopener\">P\u00e4dagogische Hochschule Zug<\/a>, PH Zug,<br \/>repr\u00e9sent\u00e9e par sa rectrice Prof. Dr Esther Kamm;<\/p><p>\u2022 <a href=\"http:\/\/www.phzh.ch\/\" target=\"_blank\" rel=\"noopener\">Haute \u00e9cole p\u00e9dagogique Zurich<\/a>,\u00a0PH Z\u00fcrich,<br \/>repr\u00e9sent\u00e9e par sa rectrice Prof. Dr Andrea Schweizer;<\/p><p>\u2022 <a href=\"https:\/\/www.nmsbern.ch\/ivp\" target=\"_blank\" rel=\"noopener\">P\u00e4dagogisches Hochschulinstitut NMS Bern<\/a>, PH NMS Bern,<br \/>repr\u00e9sent\u00e9e par son recteur Dr\u00a0Katrin M\u00fcller;<\/p><p>\u2022 <a href=\"https:\/\/www.unibas.ch\/de\" target=\"_blank\" rel=\"noopener\">Universit\u00e4t Basel<\/a>,<br \/>repr\u00e9sent\u00e9e par sa rectrice Prof. Dr. Dr. h.c. mult. Andrea Schenker-Wicki;<\/p><p>\u2022 <a href=\"https:\/\/www.unibe.ch\/index_fra.html\" target=\"_blank\" rel=\"noopener\">Universit\u00e9 de Berne<\/a>, UniBE,<br \/>repr\u00e9sent\u00e9e par sa rectrice Prof. Dr Virginia Richter;<\/p><p>\u2022 <a href=\"https:\/\/www.unifr.ch\/home\/fr\/\" target=\"_blank\" rel=\"noopener\">Universit\u00e9 de Fribourg<\/a>, Unifr,<br \/>repr\u00e9sent\u00e9e par sa rectrice Prof. Dr Katharina Fromm;<\/p><p>\u2022 <a href=\"http:\/\/www.unige.ch\/\" target=\"_blank\" rel=\"noopener\">Universit\u00e9 de Gen\u00e8ve<\/a>, UNIGE,<br \/>repr\u00e9sent\u00e9e par sa rectrice Prof. Dr Audrey Leuba;<\/p><p>\u2022 <a href=\"http:\/\/www.unil.ch\/\" target=\"_blank\" rel=\"noopener\">Universit\u00e9 de Lausanne<\/a>, UNIL,<br \/>repr\u00e9sent\u00e9e par son recteur Prof. Dr Fr\u00e9d\u00e9ric Herman;<\/p><p>\u2022 <a href=\"http:\/\/www.unilu.ch\/\" target=\"_blank\" rel=\"noopener\">Universit\u00e4t Luzern<\/a>, Unilu,<br \/>repr\u00e9sent\u00e9e par son recteur Prof. Dr Martin Hartmann;<\/p><p>\u2022 <a href=\"http:\/\/www.unine.ch\/\" target=\"_blank\" rel=\"noopener\">Universit\u00e9 de Neuch\u00e2tel<\/a>, UniNE,<br \/>repr\u00e9sent\u00e9e par sa rectrice Dr. Deniz Gygax Gaspoz;<\/p><p>\u2022 <a href=\"http:\/\/www.unisg.ch\/\" target=\"_blank\" rel=\"noopener\">Universit\u00e4t St. Gallen<\/a>, HSG,<br \/>repr\u00e9sent\u00e9e par son recteur Prof. Dr Manuel Ammann;<\/p><p>\u2022 <a href=\"http:\/\/www.usi.ch\/\" target=\"_blank\" rel=\"noopener\">Universit\u00e0 della Svizzera italiana<\/a>, USI,<br \/>repr\u00e9sent\u00e9e par son recteur a.i. Prof. Gabriele Balbi;<\/p><p>\u2022 <a href=\"http:\/\/www.unizh.ch\/\" target=\"_blank\" rel=\"noopener\">Universit\u00e4t Z\u00fcrich<\/a>, UZH,<br \/>repr\u00e9sent\u00e9e par son recteur Prof. Dr Michael Schaepman;<\/p><p>\u2022 <a href=\"https:\/\/www.zhdk.ch\/\" target=\"_blank\" rel=\"noopener\">Z\u00fcrcher Hochschule der K\u00fcnste<\/a>,\u00a0ZHdK,<br \/>repr\u00e9sent\u00e9e par sa\u00a0rectrice Prof. Dr Karin Mairitsch;<\/p><p>\u2022 <a href=\"https:\/\/www.zhaw.ch\/de\/hochschule\/\" target=\"_blank\" rel=\"noopener\">Z\u00fcrcher Hochschule f\u00fcr Angewandte Wissenschaften<\/a>, ZHAW,<br \/>repr\u00e9sent\u00e9e par sa rectrice Prof. Dr Regula J\u00f6hl<\/p>\t\t\t\t\t\t\t\t<\/div>\n\t\t\t\t<\/div>\n\t\t<div class=\"elementor-element elementor-element-d827470 e-con-full elementor-hidden-desktop elementor-hidden-laptop elementor-hidden-tablet elementor-hidden-mobile e-flex e-con e-child\" data-id=\"d827470\" data-element_type=\"container\" data-e-type=\"container\" data-settings=\"{&quot;sticky&quot;:&quot;top&quot;,&quot;sticky_on&quot;:[&quot;desktop&quot;,&quot;laptop&quot;],&quot;sticky_offset&quot;:16,&quot;sticky_parent&quot;:&quot;yes&quot;,&quot;sticky_effects_offset&quot;:0,&quot;sticky_anchor_link_offset&quot;:0}\">\n\t\t\t\t<div class=\"elementor-element elementor-element-b20cecf elementor-widget elementor-widget-n-accordion\" data-id=\"b20cecf\" data-element_type=\"widget\" data-e-type=\"widget\" data-settings=\"{&quot;default_state&quot;:&quot;all_collapsed&quot;,&quot;max_items_expended&quot;:&quot;one&quot;,&quot;n_accordion_animation_duration&quot;:{&quot;unit&quot;:&quot;ms&quot;,&quot;size&quot;:400,&quot;sizes&quot;:[]}}\" data-widget_type=\"nested-accordion.default\">\n\t\t\t\t\t\t\t<div class=\"e-n-accordion\" aria-label=\"Accordion. Open links with Enter or Space, close with Escape, and navigate with Arrow Keys\">\n\t\t\t\t\t\t<details id=\"e-n-accordion-item-1860\" class=\"e-n-accordion-item\" >\n\t\t\t\t<summary class=\"e-n-accordion-item-title\" data-accordion-index=\"1\" tabindex=\"0\" aria-expanded=\"false\" aria-controls=\"e-n-accordion-item-1860\" >\n\t\t\t\t\t<span class='e-n-accordion-item-title-header'><div class=\"e-n-accordion-item-title-text\"> Liens <\/div><\/span>\n\t\t\t\t\t\t\t<span class='e-n-accordion-item-title-icon'>\n\t\t\t<span class='e-opened' ><svg xmlns=\"http:\/\/www.w3.org\/2000\/svg\" width=\"24\" height=\"24\" fill=\"currentColor\" viewBox=\"0 0 24 24\"><path d=\"M6.707 15.707a1 1 0 1 1-1.414-1.414l6-6a1 1 0 0 1 1.414 0l6 6a1 1 0 1 1-1.414 1.414L12 10.414l-5.293 5.293Z\"><\/path><\/svg><\/span>\n\t\t\t<span class='e-closed'><svg xmlns=\"http:\/\/www.w3.org\/2000\/svg\" width=\"24\" height=\"24\" fill=\"currentColor\" viewBox=\"0 0 24 24\"><path d=\"M17.293 8.293a1 1 0 1 1 1.414 1.414l-6 6a1 1 0 0 1-1.414 0l-6-6a1 1 0 1 1 1.414-1.414L12 13.586l5.293-5.293Z\"><\/path><\/svg><\/span>\n\t\t<\/span>\n\n\t\t\t\t\t\t<\/summary>\n\t\t\t\t<div role=\"region\" aria-labelledby=\"e-n-accordion-item-1860\" class=\"elementor-element elementor-element-7f47b77 e-con-full e-flex e-con e-child\" data-id=\"7f47b77\" data-element_type=\"container\" data-e-type=\"container\">\n\t\t\t\t<div class=\"elementor-element elementor-element-c2ed1f1 link elementor-widget elementor-widget-text-editor\" data-id=\"c2ed1f1\" data-element_type=\"widget\" data-e-type=\"widget\" data-widget_type=\"text-editor.default\">\n\t\t\t\t\t\t\t\t\t<p>Loi f\u00e9d\u00e9rale sur l\u2019encouragement des hautes \u00e9coles et la coordination dans le domaine suisse des hautes \u00e9coles (<a href=\"http:\/\/www.admin.ch\/opc\/fr\/official-compilation\/2014\/4103.pdf\" target=\"_blank\" rel=\"noopener\">LEHE<\/a>).<\/p><p><a href=\"https:\/\/www.swissuniversities.ch\/fileadmin\/swissuniversities\/Dokumente\/Organisation\/2019-f_Statuts_de_l_association_swissuniversities.pdf\" target=\"_blank\" rel=\"noopener\">Statuts de swissuniversities<\/a><\/p><p><a href=\"https:\/\/www.swissuniversities.ch\/fileadmin\/swissuniversities\/Dokumente\/Organisation\/2023-f_Reglement_d_Organisation_de_la_Conference_des_rectrices_et_recteurs.pdf\" target=\"_blank\" rel=\"noopener\">R\u00e8glement d&#8217;organisation<\/a><\/p>\t\t\t\t\t\t\t\t<\/div>\n\t\t\t\t<\/div>\n\t\t\t\t\t<\/details>\n\t\t\t\t\t\t<details id=\"e-n-accordion-item-1861\" class=\"e-n-accordion-item\" >\n\t\t\t\t<summary class=\"e-n-accordion-item-title\" data-accordion-index=\"2\" tabindex=\"-1\" aria-expanded=\"false\" aria-controls=\"e-n-accordion-item-1861\" >\n\t\t\t\t\t<span class='e-n-accordion-item-title-header'><div class=\"e-n-accordion-item-title-text\"> Contact <\/div><\/span>\n\t\t\t\t\t\t\t<span class='e-n-accordion-item-title-icon'>\n\t\t\t<span class='e-opened' ><svg xmlns=\"http:\/\/www.w3.org\/2000\/svg\" width=\"24\" height=\"24\" fill=\"currentColor\" viewBox=\"0 0 24 24\"><path d=\"M6.707 15.707a1 1 0 1 1-1.414-1.414l6-6a1 1 0 0 1 1.414 0l6 6a1 1 0 1 1-1.414 1.414L12 10.414l-5.293 5.293Z\"><\/path><\/svg><\/span>\n\t\t\t<span class='e-closed'><svg xmlns=\"http:\/\/www.w3.org\/2000\/svg\" width=\"24\" height=\"24\" fill=\"currentColor\" viewBox=\"0 0 24 24\"><path d=\"M17.293 8.293a1 1 0 1 1 1.414 1.414l-6 6a1 1 0 0 1-1.414 0l-6-6a1 1 0 1 1 1.414-1.414L12 13.586l5.293-5.293Z\"><\/path><\/svg><\/span>\n\t\t<\/span>\n\n\t\t\t\t\t\t<\/summary>\n\t\t\t\t<div role=\"region\" aria-labelledby=\"e-n-accordion-item-1861\" class=\"elementor-element elementor-element-73ba20c e-con-full e-flex e-con e-child\" data-id=\"73ba20c\" data-element_type=\"container\" data-e-type=\"container\">\n\t\t\t\t<div class=\"elementor-element elementor-element-30a168e elementor-widget elementor-widget-text-editor\" data-id=\"30a168e\" data-element_type=\"widget\" data-e-type=\"widget\" data-widget_type=\"text-editor.default\">\n\t\t\t\t\t\t\t\t\t<p><strong>Dr\u00a0Martina Weiss<\/strong><br \/>Secr\u00e9taire g\u00e9n\u00e9rale<br \/>+41 31 335 07 40<br \/><a href=\"https:\/\/www.swissuniversities.ch\/fr\/bonjour#\" target=\"_blank\" rel=\"noopener\">Mail<\/a><\/p>\t\t\t\t\t\t\t\t<\/div>\n\t\t\t\t<\/div>\n\t\t\t\t\t<\/details>\n\t\t\t\t\t<\/div>\n\t\t\t\t\t\t<\/div>\n\t\t\t\t<\/div>\n\t\t\t\t\t<\/div>\n\t\t\t\t<\/div>\n\t\t\t\t<\/div>\n\t\t","protected":false},"template":"","meta":{"_links_to":"","_links_to_target":""},"categoria-organisation":[],"class_list":["post-1636","organisation","type-organisation","status-publish","hentry"],"ase":null,"_links":{"self":[{"href":"https:\/\/clientes.w7agencia.com\/swissaccreditation\/wp-json\/wp\/v2\/organisation\/1636","targetHints":{"allow":["GET"]}}],"collection":[{"href":"https:\/\/clientes.w7agencia.com\/swissaccreditation\/wp-json\/wp\/v2\/organisation"}],"about":[{"href":"https:\/\/clientes.w7agencia.com\/swissaccreditation\/wp-json\/wp\/v2\/types\/organisation"}],"version-history":[{"count":0,"href":"https:\/\/clientes.w7agencia.com\/swissaccreditation\/wp-json\/wp\/v2\/organisation\/1636\/revisions"}],"wp:attachment":[{"href":"https:\/\/clientes.w7agencia.com\/swissaccreditation\/wp-json\/wp\/v2\/media?parent=1636"}],"wp:term":[{"taxonomy":"categoria-organisation","embeddable":true,"href":"https:\/\/clientes.w7agencia.com\/swissaccreditation\/wp-json\/wp\/v2\/categoria-organisation?post=1636"}],"curies":[{"name":"wp","href":"https:\/\/api.w.org\/{rel}","templated":true}]}}